{"id":7,"date":"2015-12-04T02:08:28","date_gmt":"2015-12-04T02:08:28","guid":{"rendered":"http:\/\/theme-fusion.com\/avada\/construction\/?page_id=7"},"modified":"2018-01-25T16:30:45","modified_gmt":"2018-01-25T15:30:45","slug":"fachbetrieb-in-luxemburg","status":"publish","type":"page","link":"https:\/\/topsolar.lu\/de\/fachbetrieb-in-luxemburg\/","title":{"rendered":"\u00dcber Topsolar"},"content":{"rendered":"<p><div id=\"intro\" class=\"fusion-container-anchor\"><div class=\"fusion-fullwidth fullwidth-box fusion-builder-row-1 nonhundred-percent-fullwidth non-hundred-percent-height-scrolling\" style=\"--awb-background-position:left top;--awb-border-radius-top-left:0px;--awb-border-radius-top-right:0px;--awb-border-radius-bottom-right:0px;--awb-border-radius-bottom-left:0px;--awb-padding-top:50px;--awb-padding-bottom:50px;--awb-background-color:#fed03d;--awb-border-sizes-top:0px;--awb-border-sizes-bottom:0px;--awb-flex-wrap:wrap;\" ><div class=\"fusion-builder-row fusion-row\"><div class=\"fusion-layout-column fusion_builder_column fusion-builder-column-0 fusion_builder_column_1_1 1_1 fusion-one-full fusion-column-first fusion-column-last\" style=\"--awb-bg-size:cover;\"><div class=\"fusion-column-wrapper fusion-flex-column-wrapper-legacy\"><div class=\"fusion-text fusion-text-1\"><h2 style=\"font-weight: 300; text-align: center;\">Photovoltaik und Solarthermie sind unsere Spezialit\u00e4t<\/h2>\n<\/div><div class=\"fusion-clearfix\"><\/div><\/div><\/div><\/div><\/div><\/div><div id=\"intro\" class=\"fusion-container-anchor\"><div class=\"fusion-fullwidth fullwidth-box fusion-builder-row-2 hundred-percent-fullwidth non-hundred-percent-height-scrolling fusion-equal-height-columns\" style=\"--awb-background-position:left top;--awb-border-radius-top-left:0px;--awb-border-radius-top-right:0px;--awb-border-radius-bottom-right:0px;--awb-border-radius-bottom-left:0px;--awb-padding-top:0px;--awb-padding-right:7%;--awb-padding-bottom:0px;--awb-padding-left:7%;--awb-border-sizes-top:0px;--awb-border-sizes-bottom:0px;--awb-flex-wrap:wrap;\" ><div class=\"fusion-builder-row fusion-row\"><div class=\"fusion-layout-column fusion_builder_column fusion-builder-column-1 fusion_builder_column_1_2 1_2 fusion-one-half fusion-column-first\" style=\"--awb-padding-top:100px;--awb-padding-right:5%;--awb-padding-bottom:25px;--awb-padding-left:5%;--awb-bg-size:cover;width:48%; margin-right: 4%;\"><div class=\"fusion-column-wrapper fusion-flex-column-wrapper-legacy\"><div class=\"fusion-sep-clear\"><\/div><div class=\"fusion-separator fusion-full-width-sep fusion-hide-on-mobile\" style=\"margin-left: auto;margin-right: auto;margin-top:50px;width:100%;\"><\/div><div class=\"fusion-sep-clear\"><\/div><div class=\"fusion-text fusion-text-2\"><h2><span class=\"uppercase\">Vom Pionier zum Fachbetrieb in alternativen Energien<\/span><\/h2>\n<\/div><div class=\"fusion-sep-clear\"><\/div><div class=\"fusion-separator fusion-clearfix\" style=\"float:left;margin-top:0px;margin-bottom:40px;width:100%;max-width:200px;\"><div class=\"fusion-separator-border sep-single sep-solid\" style=\"--awb-height:20px;--awb-amount:20px;--awb-sep-color:#fec96b;border-color:#fec96b;border-top-width:3px;\"><\/div><\/div><div class=\"fusion-sep-clear\"><\/div><div class=\"fusion-text fusion-text-3\"><p>Als Fachbetrieb in zweiter Generation und mit einem soliden Team an Mitarbeitern ist Topsolar aus Heiderscheid Ihr Vertrauenspartner f\u00fcr Regenwasser, Solarthermie und Photovoltaik. Wir bringen saubere Energie in Ihr Zuhause.<\/p>\n<\/div><div class=\"fusion-sep-clear\"><\/div><div class=\"fusion-separator fusion-full-width-sep\" style=\"margin-left: auto;margin-right: auto;margin-top:5px;width:100%;\"><\/div><div class=\"fusion-sep-clear\"><\/div><ul style=\"--awb-iconcolor:#fec96b;--awb-line-height:27.2px;--awb-icon-width:27.2px;--awb-icon-height:27.2px;--awb-icon-margin:11.2px;--awb-content-margin:38.4px;\" class=\"fusion-checklist fusion-checklist-1 fusion-checklist-default type-icons\"><li class=\"fusion-li-item\" style=\"\"><span class=\"icon-wrapper circle-no\"><i class=\"fusion-li-icon fa fa-certificate\" aria-hidden=\"true\"><\/i><\/span><div class=\"fusion-li-item-content\">\n<p><strong>Erfahrung:<\/strong> \u00fcber 2000 realisierte Anlagen<\/p>\n<\/div><\/li><li class=\"fusion-li-item\" style=\"\"><span class=\"icon-wrapper circle-no\"><i class=\"fusion-li-icon fa fa-certificate\" aria-hidden=\"true\"><\/i><\/span><div class=\"fusion-li-item-content\"><strong>Von A bis Z:<\/strong> wir \u00fcbernehmen Planung, Antr\u00e4ge (CREOS) ,Umsetzung und Abnahme<\/div><\/li><li class=\"fusion-li-item\" style=\"\"><span class=\"icon-wrapper circle-no\"><i class=\"fusion-li-icon fa fa-certificate\" aria-hidden=\"true\"><\/i><\/span><div class=\"fusion-li-item-content\"><strong>Vollst\u00e4ndig:<\/strong> Topsolar \u00fcbernimmt die komplette Installation (Dach- und Elektroarbeiten)<\/div><\/li><li class=\"fusion-li-item\" style=\"\"><span class=\"icon-wrapper circle-no\"><i class=\"fusion-li-icon fa fa-certificate\" aria-hidden=\"true\"><\/i><\/span><div class=\"fusion-li-item-content\"><strong>Kompletter Service:<\/strong> Unser Reparatur- und Wartungsservice ist kompetent und schnell<\/div><\/li><\/ul><div class=\"fusion-sep-clear\"><\/div><div class=\"fusion-separator fusion-full-width-sep\" style=\"margin-left: auto;margin-right: auto;margin-top:25px;width:100%;\"><\/div><div class=\"fusion-sep-clear\"><\/div><div class=\"fusion-text fusion-text-4\"><p>Topsolar ist ein Elektrikerbetrieb der sich integral den erneuerbaren Energien gewidmet hat. Wir stellen unsere Erfahrung und Kompetenz in den Dienst Ihres Projektes, damit Ihr Eigenheim schon bald mit sauberer Energie versorgt wird, qualitativ hochwertig, und finanziell rentabel.<\/p>\n<p>Eine Investition f\u00fcr Ihre Familie, f\u00fcr die Umwelt, und f\u00fcr eine nachhaltige Zukunft in Luxemburg und der Gro\u00dfregion.<\/p>\n<\/div><div class=\"fusion-sep-clear\"><\/div><div class=\"fusion-separator fusion-full-width-sep fusion-hide-on-mobile\" style=\"margin-left: auto;margin-right: auto;margin-top:50px;width:100%;\"><\/div><div class=\"fusion-sep-clear\"><\/div><div class=\"fusion-image-element in-legacy-container\" style=\"--awb-caption-title-font-family:var(--h2_typography-font-family);--awb-caption-title-font-weight:var(--h2_typography-font-weight);--awb-caption-title-font-style:var(--h2_typography-font-style);--awb-caption-title-size:var(--h2_typography-font-size);--awb-caption-title-transform:var(--h2_typography-text-transform);--awb-caption-title-line-height:var(--h2_typography-line-height);--awb-caption-title-letter-spacing:var(--h2_typography-letter-spacing);\"><span class=\" fusion-imageframe imageframe-none imageframe-1 hover-type-none\"><img decoding=\"async\" width=\"785\" height=\"800\" alt=\"Kind h\u00e4lt eine kleine Kugel der Erde, Symbol f\u00fcr unsere Verantwortung der n\u00e4chsten Generation einen sauberen Planeten zu \u00fcberlassen.\" title=\"Solar Energie f\u00fcr die Zukunft\" src=\"https:\/\/topsolar.lu\/wp-content\/uploads\/2015\/12\/topsolar-luxemburg-solar-energie-fuer-die-zukunft.jpg\" class=\"img-responsive wp-image-1465\" srcset=\"https:\/\/topsolar.lu\/wp-content\/uploads\/2015\/12\/topsolar-luxemburg-solar-energie-fuer-die-zukunft-200x204.jpg 200w, https:\/\/topsolar.lu\/wp-content\/uploads\/2015\/12\/topsolar-luxemburg-solar-energie-fuer-die-zukunft-400x408.jpg 400w, https:\/\/topsolar.lu\/wp-content\/uploads\/2015\/12\/topsolar-luxemburg-solar-energie-fuer-die-zukunft-600x611.jpg 600w, https:\/\/topsolar.lu\/wp-content\/uploads\/2015\/12\/topsolar-luxemburg-solar-energie-fuer-die-zukunft.jpg 785w\" sizes=\"(max-width: 850px) 100vw, 600px\" \/><\/span><\/div><div class=\"fusion-clearfix\"><\/div><\/div><\/div><div class=\"fusion-layout-column fusion_builder_column fusion-builder-column-2 fusion_builder_column_1_2 1_2 fusion-one-half fusion-column-last\" style=\"--awb-padding-top:100px;--awb-padding-right:5%;--awb-padding-bottom:100px;--awb-padding-left:5%;--awb-bg-size:cover;width:48%;\"><div class=\"fusion-column-wrapper fusion-flex-column-wrapper-legacy\"><div class=\"fusion-sep-clear\"><\/div><div class=\"fusion-separator fusion-full-width-sep fusion-hide-on-mobile\" style=\"margin-left: auto;margin-right: auto;margin-top:50px;width:100%;\"><\/div><div class=\"fusion-sep-clear\"><\/div><div class=\"fusion-image-element in-legacy-container\" style=\"--awb-caption-title-font-family:var(--h2_typography-font-family);--awb-caption-title-font-weight:var(--h2_typography-font-weight);--awb-caption-title-font-style:var(--h2_typography-font-style);--awb-caption-title-size:var(--h2_typography-font-size);--awb-caption-title-transform:var(--h2_typography-text-transform);--awb-caption-title-line-height:var(--h2_typography-line-height);--awb-caption-title-letter-spacing:var(--h2_typography-letter-spacing);\"><span class=\" fusion-imageframe imageframe-none imageframe-2 hover-type-none\"><img decoding=\"async\" width=\"761\" height=\"468\" alt=\"Topsolar Firmensitz in Heiderscheid, Luxemburg\" title=\"Topsolar Firmensitz in Heiderscheid, Luxemburg\" src=\"https:\/\/topsolar.lu\/wp-content\/uploads\/2015\/12\/ueber-topsolar-firmensitze-heiderscheid.jpg\" class=\"img-responsive wp-image-1392\" srcset=\"https:\/\/topsolar.lu\/wp-content\/uploads\/2015\/12\/ueber-topsolar-firmensitze-heiderscheid-200x123.jpg 200w, https:\/\/topsolar.lu\/wp-content\/uploads\/2015\/12\/ueber-topsolar-firmensitze-heiderscheid-400x246.jpg 400w, https:\/\/topsolar.lu\/wp-content\/uploads\/2015\/12\/ueber-topsolar-firmensitze-heiderscheid-600x369.jpg 600w, https:\/\/topsolar.lu\/wp-content\/uploads\/2015\/12\/ueber-topsolar-firmensitze-heiderscheid.jpg 761w\" sizes=\"(max-width: 850px) 100vw, 600px\" \/><\/span><\/div><div class=\"fusion-sep-clear\"><\/div><div class=\"fusion-separator fusion-full-width-sep fusion-hide-on-mobile\" style=\"margin-left: auto;margin-right: auto;margin-top:50px;width:100%;\"><\/div><div class=\"fusion-sep-clear\"><\/div><div class=\"fusion-text fusion-text-5\"><h2><span class=\"uppercase\">Wir glauben an eine gr\u00fcne Zukunft<\/span><\/h2>\n<\/div><div class=\"fusion-sep-clear\"><\/div><div class=\"fusion-separator fusion-clearfix\" style=\"float:left;margin-top:0px;margin-bottom:40px;width:100%;max-width:200px;\"><div class=\"fusion-separator-border sep-single sep-solid\" style=\"--awb-height:20px;--awb-amount:20px;--awb-sep-color:#fec96b;border-color:#fec96b;border-top-width:3px;\"><\/div><\/div><div class=\"fusion-sep-clear\"><\/div><div class=\"fusion-text fusion-text-6\"><p>Wir haben den Fachbetrieb Topsolar gegr\u00fcndet weil wir an eine nachhaltige Zukunft glauben. Saubere Energie sollte nicht teuer sein. Jeder kann seinen Beitrag f\u00fcr eine saubere Welt und bessere Zukunft leisten. Unser Beitrag ist es Ihnen, unseren Kunden wirtschaftlich sinnvolle L\u00f6sungen zu bieten, und bei der Umsetzung mit Beratung und Kompetenz beiseite zu stehen. Das ist unser Versprechen.<\/p>\n<\/div><div class=\"fusion-sep-clear\"><\/div><div class=\"fusion-separator fusion-full-width-sep\" style=\"margin-left: auto;margin-right: auto;margin-top:5px;width:100%;\"><\/div><div class=\"fusion-sep-clear\"><\/div><ul style=\"--awb-iconcolor:#fec96b;--awb-line-height:27.2px;--awb-icon-width:27.2px;--awb-icon-height:27.2px;--awb-icon-margin:11.2px;--awb-content-margin:38.4px;\" class=\"fusion-checklist fusion-checklist-2 fusion-checklist-default type-icons\"><li class=\"fusion-li-item\" style=\"\"><span class=\"icon-wrapper circle-no\"><i class=\"fusion-li-icon fa fa-sun-o\" aria-hidden=\"true\"><\/i><\/span><div class=\"fusion-li-item-content\">\n<p><strong>Unabh\u00e4ngigkeit:<\/strong> von Erd\u00f6lpreisen und Stromanbietern<\/p>\n<\/div><\/li><li class=\"fusion-li-item\" style=\"\"><span class=\"icon-wrapper circle-no\"><i class=\"fusion-li-icon fa fa-sun-o\" aria-hidden=\"true\"><\/i><\/span><div class=\"fusion-li-item-content\">\n<p><strong>Langlebigkeit:<\/strong> Fossile Brennstoffe gehen zur Neige, die Sonne bleibt<\/p>\n<\/div><\/li><li class=\"fusion-li-item\" style=\"\"><span class=\"icon-wrapper circle-no\"><i class=\"fusion-li-icon fa fa-sun-o\" aria-hidden=\"true\"><\/i><\/span><div class=\"fusion-li-item-content\">\n<p><strong>Rentabel:<\/strong> eine gesicherte Investition ohne Risiko. Und, die Sonne schickt keine Rechnung!<\/p>\n<\/div><\/li><li class=\"fusion-li-item\" style=\"\"><span class=\"icon-wrapper circle-no\"><i class=\"fusion-li-icon fa fa-sun-o\" aria-hidden=\"true\"><\/i><\/span><div class=\"fusion-li-item-content\">\n<p><strong>Vorbildfunktion:<\/strong> ein Vorzeigeprojekt das Freunde und Nachbarn inspirieren wird, ebenfalls das Richtige zu tun.<\/p>\n<\/div><\/li><\/ul><div class=\"fusion-sep-clear\"><\/div><div class=\"fusion-separator fusion-full-width-sep\" style=\"margin-left: auto;margin-right: auto;margin-top:25px;width:100%;\"><\/div><div class=\"fusion-sep-clear\"><\/div><div class=\"fusion-text fusion-text-7\"><h3>Soziales Engagement<\/h3>\n<p>Topsolar engagiert sich bereits seit vielen Jahren in Luxemburg f\u00fcr eine saubere und nachhaltige Energieversorgung, um den kommenden Generationen eine bessere Zukunft zu sichern. Wir leisten p\u00e4dagogische Arbeit mit Kindern und Sch\u00fclern, durch F\u00fchrungen, Unterricht im Bereich Elektronik und Photovoltaik, Ausstellungen und nat\u00fcrlich Praktika in unserem Betrieb sensibilisieren wir die Handwerker und Ingenieure von Morgen f\u00fcr die Solartechnik.<\/p>\n<p>Auch Dritte Welt Projekte geh\u00f6ren zu unserem Engagement, darunter die Ausr\u00fcstung von Krankenstationen in Ruanda, oder die Errichtung einer Solarstromanlage im Senegal, zusammen mit den Letzebuerger Scouten.<\/p>\n<p>Im Rahmen der \u201eAction humanitaire\u201c des \u201eAth\u00e9n\u00e9e du Luxembourg\u201c Gymnasiums wurden bereits zwei Projekte auf den kapverdischen Inseln umgesetzt. Die Anlagen wurden zusammen mit den Sch\u00fclern und Professoren der lokalen Partnergymnasien in Antao und Mindelo installiert. Anschlie\u00dfend an die ersten praktischen Umsetzungen soll eine technische Ausbildung f\u00fcr die Installation und Wartung von Photovoltaikanlagen geschaffen werden.<\/p>\n<\/div><div class=\"fusion-clearfix\"><\/div><\/div><\/div><\/div><\/div><\/div><div class=\"fusion-fullwidth fullwidth-box fusion-builder-row-3 fusion-parallax-none nonhundred-percent-fullwidth non-hundred-percent-height-scrolling\" style=\"--awb-background-position:right center;--awb-border-radius-top-left:0px;--awb-border-radius-top-right:0px;--awb-border-radius-bottom-right:0px;--awb-border-radius-bottom-left:0px;--awb-padding-top:0px;--awb-padding-bottom:0px;--awb-background-image:url(&quot;https:\/\/topsolar.lu\/wp-content\/uploads\/2015\/12\/topsolar-developpement-durable-nachhaltigkeit.jpg&quot;);--awb-background-size:cover;--awb-border-sizes-top:0px;--awb-border-sizes-bottom:0px;--awb-flex-wrap:wrap;\" ><div class=\"fusion-builder-row fusion-row\"><div class=\"fusion-layout-column fusion_builder_column fusion-builder-column-3 fusion_builder_column_1_1 1_1 fusion-one-full fusion-column-first fusion-column-last\" style=\"--awb-bg-size:cover;\"><div class=\"fusion-column-wrapper fusion-flex-column-wrapper-legacy\"><div class=\"fusion-section-separator section-separator big-half-circle fusion-section-separator-1\" style=\"--awb-spacer-height:99px;--awb-svg-margin-left:0;--awb-svg-margin-right:0;--awb-divider-height:99px;--awb-spacer-padding-top:inherit;--awb-sep-padding:0;--awb-svg-padding:0;\"><div class=\"fusion-section-separator-svg\"><svg class=\"fusion-big-half-circle-candy\" xmlns=\"http:\/\/www.w3.org\/2000\/svg\" version=\"1.1\" width=\"100%\" height=\"100\" viewBox=\"0 0 100 100\" preserveAspectRatio=\"none\" fill=\"rgba(255,255,255,1)\"><path d=\"M0 0 C55 180 100 0 100 0 Z\"><\/path><\/svg><\/div><div class=\"fusion-section-separator-spacer\"><div class=\"fusion-section-separator-spacer-height\"><\/div><\/div><\/div><div class=\"fusion-clearfix\"><\/div><\/div><\/div><div class=\"fusion-layout-column fusion_builder_column fusion-builder-column-4 fusion_builder_column_1_1 1_1 fusion-one-full fusion-column-first fusion-column-last fusion-column-no-min-height\" style=\"--awb-bg-size:cover;--awb-margin-top:100px;--awb-margin-bottom:55px;\"><div class=\"fusion-column-wrapper fusion-flex-column-wrapper-legacy\"><div class=\"fusion-reading-box-container reading-box-container-1\" style=\"--awb-title-color:#314b81;--awb-margin-top:0px;--awb-margin-bottom:84px;\"><div class=\"reading-box reading-box-center\" style=\"background-color:rgba(0,0,0,0.34);border-width:1px;border-color:#f5f5f5;border-top-width:3px;border-top-color:var(--primary_color);border-style:solid;\"><div class=\"reading-box-additional\">\n<h2 style=\"text-align: center;\"><span style=\"color: #ffffff;\">Unser Versprechen an die n\u00e4chste Generation:<br \/>\ngr\u00fcne und saubere Energie von der Sonne<\/span><\/h2>\n<\/div><div class=\"fusion-clearfix\"><\/div><\/div><\/div><div class=\"fusion-clearfix\"><\/div><\/div><\/div><div class=\"fusion-layout-column fusion_builder_column fusion-builder-column-5 fusion_builder_column_1_1 1_1 fusion-one-full fusion-column-first fusion-column-last\" style=\"--awb-bg-color:rgba(109,109,109,0);--awb-bg-color-hover:rgba(109,109,109,0);--awb-bg-size:cover;\"><div class=\"fusion-column-wrapper fusion-flex-column-wrapper-legacy\"><div class=\"fusion-section-separator section-separator big-half-circle fusion-section-separator-2\" style=\"--awb-spacer-height:99px;--awb-svg-margin-left:0;--awb-svg-margin-right:0;--awb-divider-height:99px;--awb-spacer-padding-top:inherit;--awb-sep-padding:0;--awb-svg-padding:0;\"><div class=\"fusion-section-separator-svg\"><svg class=\"fusion-big-half-circle-candy\" xmlns=\"http:\/\/www.w3.org\/2000\/svg\" version=\"1.1\" width=\"100%\" height=\"100\" viewBox=\"0 0 100 100\" preserveAspectRatio=\"none\" fill=\"rgba(245,245,245,1)\"><path d=\"M0 100 C40 0 60 0 100 100 Z\"><\/path><\/svg><\/div><div class=\"fusion-section-separator-spacer\"><div class=\"fusion-section-separator-spacer-height\"><\/div><\/div><\/div><div class=\"fusion-clearfix\"><\/div><\/div><\/div><\/div><\/div><div class=\"fusion-fullwidth fullwidth-box fusion-builder-row-4 hundred-percent-fullwidth non-hundred-percent-height-scrolling\" style=\"--awb-background-position:left top;--awb-border-radius-top-left:0px;--awb-border-radius-top-right:0px;--awb-border-radius-bottom-right:0px;--awb-border-radius-bottom-left:0px;--awb-padding-top:0px;--awb-padding-right:7%;--awb-padding-bottom:0px;--awb-padding-left:7%;--awb-background-color:#f5f5f5;--awb-border-sizes-top:0px;--awb-border-sizes-bottom:0px;--awb-flex-wrap:wrap;\" ><div class=\"fusion-builder-row fusion-row\"><div class=\"fusion-layout-column fusion_builder_column fusion-builder-column-6 fusion_builder_column_1_1 1_1 fusion-one-full fusion-column-first fusion-column-last\" style=\"--awb-bg-size:cover;\"><div class=\"fusion-column-wrapper fusion-flex-column-wrapper-legacy\"><div class=\"fusion-sep-clear\"><\/div><div class=\"fusion-separator fusion-full-width-sep\" style=\"margin-left: auto;margin-right: auto;margin-bottom:25px;width:100%;\"><\/div><div class=\"fusion-sep-clear\"><\/div><div class=\"fusion-clearfix\"><\/div><\/div><\/div><div class=\"fusion-layout-column fusion_builder_column fusion-builder-column-7 fusion_builder_column_1_1 1_1 fusion-one-full fusion-column-first fusion-column-last\" style=\"--awb-padding-top:25px;--awb-padding-right:5%;--awb-padding-bottom:25px;--awb-padding-left:5%;--awb-bg-color:#ffffff;--awb-bg-color-hover:#ffffff;--awb-bg-size:cover;\"><div class=\"fusion-column-wrapper fusion-flex-column-wrapper-legacy\"><div class=\"fusion-sep-clear\"><\/div><div class=\"fusion-separator fusion-full-width-sep fusion-hide-on-mobile\" style=\"margin-left: auto;margin-right: auto;margin-top:50px;width:100%;\"><\/div><div class=\"fusion-sep-clear\"><\/div><div class=\"fusion-text fusion-text-8\"><h2><span class=\"uppercase\">Topsolar und erneuerbaren Energien in Luxemburg &#8211; eine kleine Zeitreise<br \/>\n<\/span><\/h2>\n<\/div><div class=\"fusion-sep-clear\"><\/div><div class=\"fusion-separator fusion-clearfix\" style=\"float:left;margin-top:0px;margin-bottom:40px;width:100%;max-width:200px;\"><div class=\"fusion-separator-border sep-single sep-solid\" style=\"--awb-height:20px;--awb-amount:20px;--awb-sep-color:#fec96b;border-color:#fec96b;border-top-width:3px;\"><\/div><\/div><div class=\"fusion-sep-clear\"><\/div><div class=\"fusion-text fusion-text-9\"><p>Von Wahl nach Heiderscheid, von Pionierarbeit zur Stand der Technik: wie aus der Vision zweier Ingenieure in Luxemburg, mit dem Wunsch die Welt mit sauberere Energie zu versorgen, der heutige Fachbetrieb Topsolar entstand.<\/p>\n<\/div><div class=\"fusion-sep-clear\"><\/div><div class=\"fusion-separator fusion-full-width-sep\" style=\"margin-left: auto;margin-right: auto;margin-top:5px;width:100%;\"><\/div><div class=\"fusion-sep-clear\"><\/div><div class=\"fusion-text fusion-text-10\"><h3>Wie die Solarenergie nach Luxemburg kam&#8230;<\/h3>\n<\/div><div class=\"fusion-sep-clear\"><\/div><div class=\"fusion-separator fusion-full-width-sep\" style=\"margin-left: auto;margin-right: auto;margin-bottom:15px;width:100%;\"><\/div><div class=\"fusion-sep-clear\"><\/div><div class=\"fusion-content-boxes content-boxes columns row fusion-columns-1 fusion-columns-total-8 fusion-content-boxes-1 content-boxes-icon-on-side content-left\" style=\"--awb-title-color:#467db9;--awb-iconcolor:#467db9;--awb-hover-accent-color:#fed03d;--awb-circle-hover-accent-color:#fed03d;--awb-item-margin-bottom:40px;\" data-animationOffset=\"top-into-view\"><div style=\"--awb-backgroundcolor:rgba(255,255,255,0);--awb-iconcolor:#467db9;--awb-content-padding-left:100px;\" class=\"fusion-column content-box-column content-box-column content-box-column-1 col-lg-12 col-md-12 col-sm-12 fusion-content-box-hover content-box-column-last-in-row\"><div class=\"col content-box-wrapper content-wrapper link-area-link-icon icon-hover-animation-pulsate\" data-animationOffset=\"top-into-view\"><div class=\"heading heading-with-icon icon-left\"><div class=\"icon\"><i style=\"border-color:#333333;border-width:0px;background-color:rgba(226,226,226,0.14);box-sizing:content-box;height:80px;width:80px;line-height:80px;border-radius:5%;font-size:40px;\" aria-hidden=\"true\" class=\"fontawesome-icon fa fa-calendar-o circle-yes\"><\/i><\/div><h2 class=\"content-box-heading fusion-responsive-typography-calculated\" style=\"--h2_typography-font-size:18px;--fontSize:18;line-height:1.31;padding-left:100px;\">1987-1990 | erste Schritte im Bereich Solar<\/h2><\/div><div class=\"fusion-clearfix\"><\/div><div class=\"content-container\">\n<p>Erste Schritte im Bereich Solartechnik werden gemacht. Es sind spannende Zeiten voller Herausforderungen, da kaum Zulieferer bestehen und viel Eigeninitiative erforderlich ist. Die erste Windkraftanlage in Eschdorf wird mit Hilfe von Arbeitsgruppen errichtet. Prototypen und Pilotprojekte entstehen oftmals in enger Zusammenarbeit mit Kunden. Im Jahr 1987 gr\u00fcndet der Ingenieur Raymond Reiners den Fachhandel f\u00fcr Solarthermie, Photovoltaik und Regenwasser: Topsolar.<\/p>\n<\/div><\/div><\/div><div style=\"--awb-backgroundcolor:rgba(255,255,255,0);--awb-iconcolor:#467db9;--awb-content-padding-left:100px;\" class=\"fusion-column content-box-column content-box-column content-box-column-2 col-lg-12 col-md-12 col-sm-12 fusion-content-box-hover content-box-column-last-in-row\"><div class=\"col content-box-wrapper content-wrapper link-area-link-icon icon-hover-animation-pulsate\" data-animationOffset=\"top-into-view\"><div class=\"heading heading-with-icon icon-left\"><div class=\"icon\"><i style=\"border-color:#333333;border-width:0px;background-color:rgba(226,226,226,0.14);box-sizing:content-box;height:80px;width:80px;line-height:80px;border-radius:5%;font-size:40px;\" aria-hidden=\"true\" class=\"fontawesome-icon fa fa-calendar-o circle-yes\"><\/i><\/div><h2 class=\"content-box-heading fusion-responsive-typography-calculated\" style=\"--h2_typography-font-size:18px;--fontSize:18;line-height:1.31;padding-left:100px;\">1990 - 1995 | Regenwasser setzt sich durch<\/h2><\/div><div class=\"fusion-clearfix\"><\/div><div class=\"content-container\">In Luxemburg setzen sich die ersten Regenwasser-Anlagen durch, und die ersten Photovoltaikanlagen werden f\u00fcr Wochenendh\u00e4user im Inselbetrieb gefertigt. Die ersten thermischen Sonnenkollektoren kommen auf den Markt, und bieten privaten Haushalten zum ersten Mal die M\u00f6glichkeit, die W\u00e4rme der Sonne zu nutzen um ihre eigenen Heizungen und Wasserinstallationen zu unterst\u00fctzen.<\/div><\/div><\/div><div style=\"--awb-backgroundcolor:rgba(255,255,255,0);--awb-iconcolor:#467db9;--awb-content-padding-left:100px;\" class=\"fusion-column content-box-column content-box-column content-box-column-3 col-lg-12 col-md-12 col-sm-12 fusion-content-box-hover content-box-column-last-in-row\"><div class=\"col content-box-wrapper content-wrapper link-area-link-icon icon-hover-animation-pulsate\" data-animationOffset=\"top-into-view\"><div class=\"heading heading-with-icon icon-left\"><div class=\"icon\"><i style=\"border-color:#333333;border-width:0px;background-color:rgba(226,226,226,0.14);box-sizing:content-box;height:80px;width:80px;line-height:80px;border-radius:5%;font-size:40px;\" aria-hidden=\"true\" class=\"fontawesome-icon fa fa-star circle-yes\"><\/i><\/div><h2 class=\"content-box-heading fusion-responsive-typography-calculated\" style=\"--h2_typography-font-size:18px;--fontSize:18;line-height:1.31;padding-left:100px;\">1995 | Topsolar wird gegr\u00fcndet<\/h2><\/div><div class=\"fusion-clearfix\"><\/div><div class=\"content-container\">Zusammen mit dem Ingenieur Marco Grosbusch wird Topsolar zu einem Elektriker Fachbetrieb. Als erster spezialisierter Solarteur-Betrieb in Luxemburg, hat Topsolar als Ziel die nachhaltigen Energien und den Umweltschutz voranzutreiben.<\/div><\/div><\/div><div style=\"--awb-backgroundcolor:rgba(255,255,255,0);--awb-iconcolor:#467db9;--awb-content-padding-left:100px;\" class=\"fusion-column content-box-column content-box-column content-box-column-4 col-lg-12 col-md-12 col-sm-12 fusion-content-box-hover content-box-column-last-in-row\"><div class=\"col content-box-wrapper content-wrapper link-area-link-icon icon-hover-animation-pulsate\" data-animationOffset=\"top-into-view\"><div class=\"heading heading-with-icon icon-left\"><div class=\"icon\"><i style=\"border-color:#333333;border-width:0px;background-color:rgba(226,226,226,0.14);box-sizing:content-box;height:80px;width:80px;line-height:80px;border-radius:5%;font-size:40px;\" aria-hidden=\"true\" class=\"fontawesome-icon fa fa-calendar-o circle-yes\"><\/i><\/div><h2 class=\"content-box-heading fusion-responsive-typography-calculated\" style=\"--h2_typography-font-size:18px;--fontSize:18;line-height:1.31;padding-left:100px;\">1995 -2000 | Handwerkskammer erkennt Solartechnik an<\/h2><\/div><div class=\"fusion-clearfix\"><\/div><div class=\"content-container\">\n<p>Die Luxemburgische Handwerkskammer erkennt erstmalig Solartechnik als Haustechnik an. Fachmessen und Seminare im Ausland erm\u00f6glichen es den Innovatoren und Firmen im Bereich erneuerbare Energien Ideen auszutauschen, was das Aufkommen von Zuliefererbetrieben vorantreibt.<\/p>\n<\/div><\/div><\/div><div style=\"--awb-backgroundcolor:rgba(255,255,255,0);--awb-iconcolor:#467db9;--awb-content-padding-left:100px;\" class=\"fusion-column content-box-column content-box-column content-box-column-5 col-lg-12 col-md-12 col-sm-12 fusion-content-box-hover content-box-column-last-in-row\"><div class=\"col content-box-wrapper content-wrapper link-area-link-icon icon-hover-animation-pulsate\" data-animationOffset=\"top-into-view\"><div class=\"heading heading-with-icon icon-left\"><div class=\"icon\"><i style=\"border-color:#333333;border-width:0px;background-color:rgba(226,226,226,0.14);box-sizing:content-box;height:80px;width:80px;line-height:80px;border-radius:5%;font-size:40px;\" aria-hidden=\"true\" class=\"fontawesome-icon fa fa-calendar-o circle-yes\"><\/i><\/div><h2 class=\"content-box-heading fusion-responsive-typography-calculated\" style=\"--h2_typography-font-size:18px;--fontSize:18;line-height:1.31;padding-left:100px;\">2000 - 2003 | Durchbruch und Wachstum<\/h2><\/div><div class=\"fusion-clearfix\"><\/div><div class=\"content-container\">\n<p>Durch F\u00f6rderprogramme erh\u00e4lt die Solar-Branche einen Aufschwung, und die ersten Gemeindeprojekte werden \u00f6ffentlich ausgeschrieben. Dies f\u00fchrt auch zu einem breiteren Interesse von privaten Haushalten und ein zunehmendes Bewusstsein, dass \u00f6kologische Energien f\u00fcr eine nachhaltige Zukunft unerl\u00e4sslich sind.<\/p>\n<\/div><\/div><\/div><div style=\"--awb-backgroundcolor:rgba(255,255,255,0);--awb-iconcolor:#467db9;--awb-content-padding-left:100px;\" class=\"fusion-column content-box-column content-box-column content-box-column-6 col-lg-12 col-md-12 col-sm-12 fusion-content-box-hover content-box-column-last-in-row\"><div class=\"col content-box-wrapper content-wrapper link-area-link-icon icon-hover-animation-pulsate\" data-animationOffset=\"top-into-view\"><div class=\"heading heading-with-icon icon-left\"><div class=\"icon\"><i style=\"border-color:#333333;border-width:0px;background-color:rgba(226,226,226,0.14);box-sizing:content-box;height:80px;width:80px;line-height:80px;border-radius:5%;font-size:40px;\" aria-hidden=\"true\" class=\"fontawesome-icon fa fa-trophy circle-yes\"><\/i><\/div><h2 class=\"content-box-heading fusion-responsive-typography-calculated\" style=\"--h2_typography-font-size:18px;--fontSize:18;line-height:1.31;padding-left:100px;\">2007 - 2008 | Auszeichnung mit dem Solarpreis von Eurosolar<\/h2><\/div><div class=\"fusion-clearfix\"><\/div><div class=\"content-container\">\n<p>Die Leistungen von Topsolar im Bereich nachhaltige Energien werden mit dem Solarpreis von Eurosolar ausgezeichnet. Die Bauarbeiten f\u00fcr das neue Firmengeb\u00e4ude beginnen, mit Umzug des Firmensitzes von Wahl nach Heiderscheid. Unser T\u00e4tigkeitsbereich entwickelt sich \u00fcber die Grenzen von Luxemburg hinaus, mit ersten Projekten in Belgien und der Gro\u00dfregion.<\/p>\n<\/div><\/div><\/div><div style=\"--awb-backgroundcolor:rgba(255,255,255,0);--awb-iconcolor:#467db9;--awb-content-padding-left:100px;\" class=\"fusion-column content-box-column content-box-column content-box-column-7 col-lg-12 col-md-12 col-sm-12 fusion-content-box-hover content-box-column-last-in-row\"><div class=\"col content-box-wrapper content-wrapper link-area-link-icon icon-hover-animation-pulsate\" data-animationOffset=\"top-into-view\"><div class=\"heading heading-with-icon icon-left\"><div class=\"icon\"><i style=\"border-color:#333333;border-width:0px;background-color:rgba(226,226,226,0.14);box-sizing:content-box;height:80px;width:80px;line-height:80px;border-radius:5%;font-size:40px;\" aria-hidden=\"true\" class=\"fontawesome-icon fa fa-flag circle-yes\"><\/i><\/div><h2 class=\"content-box-heading fusion-responsive-typography-calculated\" style=\"--h2_typography-font-size:18px;--fontSize:18;line-height:1.31;padding-left:100px;\">2008 - 2016<\/h2><\/div><div class=\"fusion-clearfix\"><\/div><div class=\"content-container\">\n<div class=\"content-container\">\n<p>Im Laufe der Jahre pendelt sich der Markt ein und Topsolar best\u00e4tigt sich als stabiler und vertrauensw\u00fcrdiger Fachbetrieb. \u00dcber die Jahre hinweg installiert Topsolar mehrere Megawatt an Photovoltaikanlagen, hunderte Solarkollektoren und viele Regenwasseranlagen.<\/p>\n<\/div>\n<\/div><\/div><\/div><div style=\"--awb-backgroundcolor:rgba(255,255,255,0);--awb-iconcolor:#467db9;--awb-content-padding-left:100px;\" class=\"fusion-column content-box-column content-box-column content-box-column-8 col-lg-12 col-md-12 col-sm-12 fusion-content-box-hover content-box-column-last content-box-column-last-in-row\"><div class=\"col content-box-wrapper content-wrapper link-area-link-icon icon-hover-animation-pulsate\" data-animationOffset=\"top-into-view\"><div class=\"heading heading-with-icon icon-left\"><div class=\"icon\"><i style=\"border-color:#333333;border-width:0px;background-color:rgba(226,226,226,0.14);box-sizing:content-box;height:80px;width:80px;line-height:80px;border-radius:5%;font-size:40px;\" aria-hidden=\"true\" class=\"fontawesome-icon fa fa-flag circle-yes\"><\/i><\/div><h2 class=\"content-box-heading fusion-responsive-typography-calculated\" style=\"--h2_typography-font-size:18px;--fontSize:18;line-height:1.31;padding-left:100px;\">2016 - Heute<\/h2><\/div><div class=\"fusion-clearfix\"><\/div><div class=\"content-container\">\n<div class=\"content-container\">\n<div class=\"content-container\">\n<p>Mit dem Einstieg von Denis Reiners wird aus Topsolar ein familiengef\u00fchrtes Unternehmen in zwei Generationen.<\/p>\n<p>Was kommt als n\u00e4chstes? Die Technologien entwickeln sich immer weiter. Eigenverbrauch und Batteriespeichersysteme werden im Laufe der n\u00e4chsten Jahre den Markt dominieren. Vielleicht ist ja Euer Projekt das n\u00e4chste.<\/p>\n<\/div>\n<\/div>\n<\/div><\/div><\/div><div class=\"fusion-clearfix\"><\/div><\/div><div class=\"fusion-clearfix\"><\/div><\/div><\/div><\/div><\/div><div class=\"fusion-fullwidth fullwidth-box fusion-builder-row-5 nonhundred-percent-fullwidth non-hundred-percent-height-scrolling\" style=\"--awb-border-radius-top-left:0px;--awb-border-radius-top-right:0px;--awb-border-radius-bottom-right:0px;--awb-border-radius-bottom-left:0px;--awb-background-color:#f5f5f5;--awb-flex-wrap:wrap;\" ><div class=\"fusion-builder-row fusion-row\"><div class=\"fusion-layout-column fusion_builder_column fusion-builder-column-8 fusion_builder_column_1_1 1_1 fusion-one-full fusion-column-first fusion-column-last\" style=\"--awb-bg-size:cover;\"><div class=\"fusion-column-wrapper fusion-flex-column-wrapper-legacy\"><div class=\"fusion-sep-clear\"><\/div><div class=\"fusion-separator fusion-full-width-sep\" style=\"margin-left: auto;margin-right: auto;margin-bottom:50px;width:100%;\"><div class=\"fusion-separator-border sep-single\" style=\"--awb-height:20px;--awb-amount:20px;border-color:#eae8e8;border-top-width:0px;\"><\/div><\/div><div class=\"fusion-sep-clear\"><\/div><div class=\"fusion-clearfix\"><\/div><\/div><\/div><\/div><\/div><div class=\"fusion-fullwidth fullwidth-box fusion-builder-row-6 hundred-percent-fullwidth non-hundred-percent-height-scrolling fusion-equal-height-columns\" style=\"--awb-border-radius-top-left:0px;--awb-border-radius-top-right:0px;--awb-border-radius-bottom-right:0px;--awb-border-radius-bottom-left:0px;--awb-padding-top:80px;--awb-padding-right:4%;--awb-padding-bottom:70px;--awb-padding-left:4%;--awb-background-color:#fefbaf;--awb-flex-wrap:wrap;\" ><div class=\"fusion-builder-row fusion-row\"><div class=\"fusion-layout-column fusion_builder_column fusion-builder-column-9 fusion_builder_column_1_4 1_4 fusion-one-fourth fusion-column-first fusion-column-no-min-height\" style=\"--awb-padding-right:4%;--awb-bg-size:cover;width:25%;width:calc(25% - ( ( 4% + 4% + 4% ) * 0.25 ) );margin-right: 4%;\"><div class=\"fusion-column-wrapper fusion-flex-column-wrapper-legacy\"><div class=\"fusion-image-element fusion-image-align-center in-legacy-container\" style=\"text-align:center;--awb-caption-title-font-family:var(--h2_typography-font-family);--awb-caption-title-font-weight:var(--h2_typography-font-weight);--awb-caption-title-font-style:var(--h2_typography-font-style);--awb-caption-title-size:var(--h2_typography-font-size);--awb-caption-title-transform:var(--h2_typography-text-transform);--awb-caption-title-line-height:var(--h2_typography-line-height);--awb-caption-title-letter-spacing:var(--h2_typography-letter-spacing);\"><div class=\"imageframe-align-center\"><span class=\" fusion-imageframe imageframe-none imageframe-3 hover-type-none\"><img decoding=\"async\" width=\"179\" height=\"75\" alt=\"Logo der Firma Topsolar, Fachbetrieb f\u00fcr alternative Energien\" title=\"Topsolar Logo standard\" src=\"https:\/\/topsolar.lu\/wp-content\/uploads\/2017\/08\/logo-topsolar-1x.png\" class=\"img-responsive wp-image-1510\" srcset=\"https:\/\/topsolar.lu\/wp-content\/uploads\/2017\/08\/logo-topsolar-1x-177x75.png 177w, https:\/\/topsolar.lu\/wp-content\/uploads\/2017\/08\/logo-topsolar-1x.png 179w\" sizes=\"(max-width: 179px) 100vw, 179px\" \/><\/span><\/div><\/div><div class=\"fusion-clearfix\"><\/div><\/div><\/div><div class=\"fusion-layout-column fusion_builder_column fusion-builder-column-10 fusion_builder_column_1_4 1_4 fusion-one-fourth fusion-column-no-min-height\" style=\"--awb-bg-size:cover;width:25%;width:calc(25% - ( ( 4% + 4% + 4% ) * 0.25 ) );margin-right: 4%;\"><div class=\"fusion-column-wrapper fusion-flex-column-wrapper-legacy\"><ul style=\"--awb-size:18px;--awb-iconcolor:#467db9;--awb-line-height:30.6px;--awb-icon-width:30.6px;--awb-icon-height:30.6px;--awb-icon-margin:12.6px;--awb-content-margin:43.2px;\" class=\"fusion-checklist fusion-checklist-3 fusion-checklist-default type-icons\"><li class=\"fusion-li-item\" style=\"\"><span class=\"icon-wrapper circle-no\"><i class=\"fusion-li-icon fa fa-map-marker\" aria-hidden=\"true\"><\/i><\/span><div class=\"fusion-li-item-content\"><a href=\"https:\/\/www.google.com\/maps\/place\/Topsolar+SA\/@49.884235,5.9839903,17z\/data=!3m1!4b1!4m5!3m4!1s0x47c00035907d3883:0x6831ebf98498a6df!8m2!3d49.884235!4d5.986179\">Topsolar SA<br \/>\n2, am Clemensbongert<br \/>\nL-9158 Heiderscheid<br \/>\nLuxembourg <\/a><\/div><\/li><\/ul><div class=\"fusion-clearfix\"><\/div><\/div><\/div><div class=\"fusion-layout-column fusion_builder_column fusion-builder-column-11 fusion_builder_column_1_4 1_4 fusion-one-fourth fusion-column-no-min-height\" style=\"--awb-bg-size:cover;width:25%;width:calc(25% - ( ( 4% + 4% + 4% ) * 0.25 ) );margin-right: 4%;\"><div class=\"fusion-column-wrapper fusion-flex-column-wrapper-legacy\"><ul style=\"--awb-size:18px;--awb-iconcolor:#467db9;--awb-line-height:30.6px;--awb-icon-width:30.6px;--awb-icon-height:30.6px;--awb-icon-margin:12.6px;--awb-content-margin:43.2px;\" class=\"fusion-checklist fusion-checklist-4 fusion-checklist-default type-icons\"><li class=\"fusion-li-item\" style=\"\"><span class=\"icon-wrapper circle-no\"><i class=\"fusion-li-icon fa fa-volume-control-phone\" aria-hidden=\"true\"><\/i><\/span><div class=\"fusion-li-item-content\">\n<p>Tel: <a href=\"tel:+352888241\">+352 88 82 41<\/a><br \/>\nFax: +352 88 92 14<\/p>\n<\/div><\/li><li class=\"fusion-li-item\" style=\"\"><span class=\"icon-wrapper circle-no\"><i class=\"fusion-li-icon fa fa-envelope\" aria-hidden=\"true\"><\/i><\/span><div class=\"fusion-li-item-content\">\n<p>Email: <a href=\"mailto:reiners@topsolar.lu\">reiners@topsolar.lu<\/a><\/p>\n<\/div><\/li><\/ul><div class=\"fusion-clearfix\"><\/div><\/div><\/div><div class=\"fusion-layout-column fusion_builder_column fusion-builder-column-12 fusion_builder_column_1_4 1_4 fusion-one-fourth fusion-column-last fusion-column-no-min-height\" style=\"--awb-bg-size:cover;width:25%;width:calc(25% - ( ( 4% + 4% + 4% ) * 0.25 ) );\"><div class=\"fusion-column-wrapper fusion-flex-column-wrapper-legacy\"><ul style=\"--awb-size:18px;--awb-iconcolor:#467db9;--awb-line-height:30.6px;--awb-icon-width:30.6px;--awb-icon-height:30.6px;--awb-icon-margin:12.6px;--awb-content-margin:43.2px;\" class=\"fusion-checklist fusion-checklist-5 fusion-checklist-default type-icons\"><li class=\"fusion-li-item\" style=\"\"><span class=\"icon-wrapper circle-no\"><i class=\"fusion-li-icon fa fa-clock-o\" aria-hidden=\"true\"><\/i><\/span><div class=\"fusion-li-item-content\">\n<p>Montags \u2013 Freitags: 9:00 \u2013 12:00<br \/>\n+ weitere <a href=\"https:\/\/topsolar.lu\/de\/kontaktieren-und-impressum\/\">Termine auf Anfrage<\/a><\/p>\n<\/div><\/li><\/ul><div class=\"fusion-clearfix\"><\/div><\/div><\/div><\/div><\/div><div class=\"fusion-fullwidth fullwidth-box fusion-builder-row-7 hundred-percent-fullwidth non-hundred-percent-height-scrolling\" style=\"--awb-border-radius-top-left:0px;--awb-border-radius-top-right:0px;--awb-border-radius-bottom-right:0px;--awb-border-radius-bottom-left:0px;--awb-padding-top:10px;--awb-padding-right:4%;--awb-padding-bottom:10px;--awb-padding-left:4%;--awb-background-color:#ffbf00;--awb-flex-wrap:wrap;\" ><div class=\"fusion-builder-row fusion-row\"><div class=\"fusion-layout-column fusion_builder_column fusion-builder-column-13 fusion_builder_column_1_1 1_1 fusion-one-full fusion-column-first fusion-column-last footer_custom\" style=\"--awb-bg-color:#ffbf00;--awb-bg-color-hover:#ffbf00;--awb-bg-size:cover;\"><div class=\"fusion-column-wrapper fusion-flex-column-wrapper-legacy\">\u00a9 1995<script>new Date().getFullYear()>1995&&document.write(\"-\"+new Date().getFullYear());<\/script> Alle Inhalte rechtlich gesch\u00fctzt von <a class=\"footer_custom2\" href=\"\/\">Topsolar SA<\/a><div class=\"fusion-clearfix\"><\/div><\/div><\/div><\/div><\/div><\/p>\n","protected":false},"excerpt":{"rendered":"","protected":false},"author":3,"featured_media":0,"parent":0,"menu_order":0,"comment_status":"closed","ping_status":"closed","template":"100-width.php","meta":{"footnotes":""},"class_list":["post-7","page","type-page","status-publish","hentry"],"yoast_head":"<!-- This site is optimized with the Yoast SEO plugin v26.5 - https:\/\/yoast.com\/wordpress\/plugins\/seo\/ -->\n<title>Topsolar - seit 20 Jahren Fachbetrieb f\u00fcr alternative Energien<\/title>\n<meta name=\"robots\" content=\"index, follow, max-snippet:-1, max-image-preview:large, max-video-preview:-1\" \/>\n<link rel=\"canonical\" href=\"https:\/\/topsolar.lu\/de\/fachbetrieb-in-luxemburg\/\" \/>\n<meta property=\"og:locale\" content=\"de_DE\" \/>\n<meta property=\"og:type\" content=\"article\" \/>\n<meta property=\"og:title\" content=\"Topsolar - seit 20 Jahren Fachbetrieb f\u00fcr alternative Energien\" \/>\n<meta property=\"og:url\" content=\"https:\/\/topsolar.lu\/de\/fachbetrieb-in-luxemburg\/\" \/>\n<meta property=\"og:site_name\" content=\"Topsolar\" \/>\n<meta property=\"article:modified_time\" content=\"2018-01-25T15:30:45+00:00\" \/>\n<meta name=\"twitter:card\" content=\"summary_large_image\" \/>\n<meta name=\"twitter:label1\" content=\"Gesch\u00e4tzte Lesezeit\" \/>\n\t<meta name=\"twitter:data1\" content=\"19\u00a0Minuten\" \/>\n<script type=\"application\/ld+json\" class=\"yoast-schema-graph\">{\"@context\":\"https:\/\/schema.org\",\"@graph\":[{\"@type\":\"WebPage\",\"@id\":\"https:\/\/topsolar.lu\/de\/fachbetrieb-in-luxemburg\/\",\"url\":\"https:\/\/topsolar.lu\/de\/fachbetrieb-in-luxemburg\/\",\"name\":\"Topsolar - seit 20 Jahren Fachbetrieb f\u00fcr alternative Energien\",\"isPartOf\":{\"@id\":\"https:\/\/topsolar.lu\/fr\/#website\"},\"datePublished\":\"2015-12-04T02:08:28+00:00\",\"dateModified\":\"2018-01-25T15:30:45+00:00\",\"breadcrumb\":{\"@id\":\"https:\/\/topsolar.lu\/de\/fachbetrieb-in-luxemburg\/#breadcrumb\"},\"inLanguage\":\"de\",\"potentialAction\":[{\"@type\":\"ReadAction\",\"target\":[\"https:\/\/topsolar.lu\/de\/fachbetrieb-in-luxemburg\/\"]}]},{\"@type\":\"BreadcrumbList\",\"@id\":\"https:\/\/topsolar.lu\/de\/fachbetrieb-in-luxemburg\/#breadcrumb\",\"itemListElement\":[{\"@type\":\"ListItem\",\"position\":1,\"name\":\"Startseite\",\"item\":\"https:\/\/topsolar.lu\/de\/\"},{\"@type\":\"ListItem\",\"position\":2,\"name\":\"\u00dcber Topsolar\"}]},{\"@type\":\"WebSite\",\"@id\":\"https:\/\/topsolar.lu\/fr\/#website\",\"url\":\"https:\/\/topsolar.lu\/fr\/\",\"name\":\"Topsolar\",\"description\":\"Luxemburger Fachbetrieb f\u00fcr regenerative Energien\",\"potentialAction\":[{\"@type\":\"SearchAction\",\"target\":{\"@type\":\"EntryPoint\",\"urlTemplate\":\"https:\/\/topsolar.lu\/fr\/?s={search_term_string}\"},\"query-input\":{\"@type\":\"PropertyValueSpecification\",\"valueRequired\":true,\"valueName\":\"search_term_string\"}}],\"inLanguage\":\"de\"}]}<\/script>\n<!-- \/ Yoast SEO plugin. -->","yoast_head_json":{"title":"Topsolar - seit 20 Jahren Fachbetrieb f\u00fcr alternative Energien","robots":{"index":"index","follow":"follow","max-snippet":"max-snippet:-1","max-image-preview":"max-image-preview:large","max-video-preview":"max-video-preview:-1"},"canonical":"https:\/\/topsolar.lu\/de\/fachbetrieb-in-luxemburg\/","og_locale":"de_DE","og_type":"article","og_title":"Topsolar - seit 20 Jahren Fachbetrieb f\u00fcr alternative Energien","og_url":"https:\/\/topsolar.lu\/de\/fachbetrieb-in-luxemburg\/","og_site_name":"Topsolar","article_modified_time":"2018-01-25T15:30:45+00:00","twitter_card":"summary_large_image","twitter_misc":{"Gesch\u00e4tzte Lesezeit":"19\u00a0Minuten"},"schema":{"@context":"https:\/\/schema.org","@graph":[{"@type":"WebPage","@id":"https:\/\/topsolar.lu\/de\/fachbetrieb-in-luxemburg\/","url":"https:\/\/topsolar.lu\/de\/fachbetrieb-in-luxemburg\/","name":"Topsolar - seit 20 Jahren Fachbetrieb f\u00fcr alternative Energien","isPartOf":{"@id":"https:\/\/topsolar.lu\/fr\/#website"},"datePublished":"2015-12-04T02:08:28+00:00","dateModified":"2018-01-25T15:30:45+00:00","breadcrumb":{"@id":"https:\/\/topsolar.lu\/de\/fachbetrieb-in-luxemburg\/#breadcrumb"},"inLanguage":"de","potentialAction":[{"@type":"ReadAction","target":["https:\/\/topsolar.lu\/de\/fachbetrieb-in-luxemburg\/"]}]},{"@type":"BreadcrumbList","@id":"https:\/\/topsolar.lu\/de\/fachbetrieb-in-luxemburg\/#breadcrumb","itemListElement":[{"@type":"ListItem","position":1,"name":"Startseite","item":"https:\/\/topsolar.lu\/de\/"},{"@type":"ListItem","position":2,"name":"\u00dcber Topsolar"}]},{"@type":"WebSite","@id":"https:\/\/topsolar.lu\/fr\/#website","url":"https:\/\/topsolar.lu\/fr\/","name":"Topsolar","description":"Luxemburger Fachbetrieb f\u00fcr regenerative Energien","potentialAction":[{"@type":"SearchAction","target":{"@type":"EntryPoint","urlTemplate":"https:\/\/topsolar.lu\/fr\/?s={search_term_string}"},"query-input":{"@type":"PropertyValueSpecification","valueRequired":true,"valueName":"search_term_string"}}],"inLanguage":"de"}]}},"_links":{"self":[{"href":"https:\/\/topsolar.lu\/de\/wp-json\/wp\/v2\/pages\/7","targetHints":{"allow":["GET"]}}],"collection":[{"href":"https:\/\/topsolar.lu\/de\/wp-json\/wp\/v2\/pages"}],"about":[{"href":"https:\/\/topsolar.lu\/de\/wp-json\/wp\/v2\/types\/page"}],"author":[{"embeddable":true,"href":"https:\/\/topsolar.lu\/de\/wp-json\/wp\/v2\/users\/3"}],"replies":[{"embeddable":true,"href":"https:\/\/topsolar.lu\/de\/wp-json\/wp\/v2\/comments?post=7"}],"version-history":[{"count":0,"href":"https:\/\/topsolar.lu\/de\/wp-json\/wp\/v2\/pages\/7\/revisions"}],"wp:attachment":[{"href":"https:\/\/topsolar.lu\/de\/wp-json\/wp\/v2\/media?parent=7"}],"curies":[{"name":"wp","href":"https:\/\/api.w.org\/{rel}","templated":true}]}}