{"id":1798,"date":"2015-12-04T02:08:06","date_gmt":"2015-12-04T01:08:06","guid":{"rendered":"\/home\/"},"modified":"2022-10-12T06:48:32","modified_gmt":"2022-10-12T05:48:32","slug":"home","status":"publish","type":"page","link":"https:\/\/topsolar.lu\/fr\/","title":{"rendered":"Home"},"content":{"rendered":"<p><div class=\"fusion-fullwidth fullwidth-box fusion-builder-row-1 nonhundred-percent-fullwidth non-hundred-percent-height-scrolling\" style=\"--awb-background-position:left top;--awb-border-sizes-top:0px;--awb-border-sizes-bottom:0px;--awb-border-sizes-left:0px;--awb-border-sizes-right:0px;--awb-border-radius-top-left:0px;--awb-border-radius-top-right:0px;--awb-border-radius-bottom-right:0px;--awb-border-radius-bottom-left:0px;--awb-padding-top:50px;--awb-padding-bottom:50px;--awb-background-color:#fed03d;--awb-flex-wrap:wrap;\" ><div class=\"fusion-builder-row fusion-row\"><div class=\"fusion-layout-column fusion_builder_column fusion-builder-column-0 fusion_builder_column_1_1 1_1 fusion-one-full fusion-column-first fusion-column-last\" style=\"--awb-bg-size:cover;\"><div class=\"fusion-column-wrapper fusion-flex-column-wrapper-legacy\"><div class=\"fusion-text fusion-text-1\"><h2 style=\"font-weight: 300; text-align: center;\">Voulez-vous l&rsquo;ind\u00e9pendance des augmentations de prix de l&rsquo;\u00e9lectricit\u00e9?<\/h2>\n<\/div><div class=\"fusion-clearfix\"><\/div><\/div><\/div><\/div><\/div><div class=\"fusion-fullwidth fullwidth-box fusion-builder-row-2 nonhundred-percent-fullwidth non-hundred-percent-height-scrolling\" style=\"--awb-background-position:left top;--awb-border-sizes-top:0px;--awb-border-sizes-bottom:0px;--awb-border-sizes-left:0px;--awb-border-sizes-right:0px;--awb-border-radius-top-left:0px;--awb-border-radius-top-right:0px;--awb-border-radius-bottom-right:0px;--awb-border-radius-bottom-left:0px;--awb-padding-top:0px;--awb-padding-bottom:20px;--awb-background-color:#ffffff;--awb-flex-wrap:wrap;\" ><div class=\"fusion-builder-row fusion-row\"><div class=\"fusion-layout-column fusion_builder_column fusion-builder-column-1 fusion_builder_column_1_1 1_1 fusion-one-full fusion-column-first fusion-column-last\" style=\"--awb-bg-size:cover;--awb-margin-top:-22px;\"><div class=\"fusion-column-wrapper fusion-flex-column-wrapper-legacy\"><div class=\"fusion-aligncenter\"><a class=\"fusion-button button-flat fusion-button-default-size button-custom fusion-button-default button-1 fusion-button-default-span fusion-button-default-type\" style=\"--button_accent_color:#ffffff;--button_border_color:#ffffff;--button_accent_hover_color:#314b81;--button_border_hover_color:#314b81;--button_border_width-top:2px;--button_border_width-right:2px;--button_border_width-bottom:2px;--button_border_width-left:2px;--button_gradient_top_color:#314b81;--button_gradient_bottom_color:#314b81;--button_gradient_top_color_hover:#ffffff;--button_gradient_bottom_color_hover:#ffffff;\" target=\"_self\" href=\"#contact\"><span class=\"fusion-button-text awb-button__text awb-button__text--default\">Demandez \u00e0 Topsolar!<\/span><\/a><\/div><div class=\"fusion-clearfix\"><\/div><\/div><\/div><\/div><\/div><div class=\"fusion-fullwidth fullwidth-box fusion-builder-row-3 mass-responsive-section nonhundred-percent-fullwidth non-hundred-percent-height-scrolling\" style=\"--awb-background-position:left top;--awb-border-sizes-top:0px;--awb-border-sizes-bottom:0px;--awb-border-sizes-left:0px;--awb-border-sizes-right:0px;--awb-border-radius-top-left:0px;--awb-border-radius-top-right:0px;--awb-border-radius-bottom-right:0px;--awb-border-radius-bottom-left:0px;--awb-padding-top:3%;--awb-padding-bottom:40px;--awb-flex-wrap:wrap;\" id=\"section1\" ><div class=\"fusion-builder-row fusion-row\"><div class=\"fusion-layout-column fusion_builder_column fusion-builder-column-2 fusion_builder_column_1_1 1_1 fusion-one-full fusion-column-first fusion-column-last mass-intro fusion-column-no-min-height\" style=\"--awb-padding-right:15%;--awb-padding-left:15%;--awb-bg-size:cover;--awb-margin-top:42px;--awb-margin-bottom:20px;\"><div class=\"fusion-column-wrapper fusion-flex-column-wrapper-legacy\"><div class=\"fusion-menu-anchor\" id=\"mission\"><\/div><div class=\"fusion-text fusion-text-2\"><h2 style=\"text-align: center;\">Fa\u00e7onnez l&rsquo;avenir \u00e9nerg\u00e9tique de votre famille<\/h2>\n<\/div><div class=\"fusion-sep-clear\"><\/div><div class=\"fusion-separator\" style=\"margin-left: auto;margin-right: auto;margin-top:0px;margin-bottom:30px;width:100%;max-width:206px;\"><div class=\"fusion-separator-border sep-single sep-solid\" style=\"--awb-height:20px;--awb-amount:20px;--awb-sep-color:#fed03d;border-color:#fed03d;border-top-width:2px;\"><\/div><\/div><div class=\"fusion-sep-clear\"><\/div><div class=\"fusion-text fusion-text-3\"><h3 style=\"text-align: center;\">En tant que premier sp\u00e9cialiste luxembourgeois dans le domaine de l&rsquo;\u00e9nergie solaire et renouvelable, Topsolar fait \u0153uvre de pionnier depuis 1995.<\/h3>\n<\/div><div class=\"fusion-clearfix\"><\/div><\/div><\/div><div class=\"fusion-layout-column fusion_builder_column fusion-builder-column-3 fusion_builder_column_1_1 1_1 fusion-one-full fusion-column-first fusion-column-last\" style=\"--awb-bg-size:cover;\"><div class=\"fusion-column-wrapper fusion-flex-column-wrapper-legacy\"><div class=\"fusion-text fusion-text-4\"><h4>Une entreprise familiale<\/h4>\n<p>Topsolar est une entreprise familiale en premi\u00e8re et deuxi\u00e8me g\u00e9n\u00e9ration, connue pour son engagement social et sa proximit\u00e9 avec le client. En tant qu\u2019entreprise sp\u00e9cialis\u00e9e travaillant exclusivement dans le domaine des \u00e9nergies renouvelables, nous pouvons conseiller nos clients au mieux: de mani\u00e8re comp\u00e9tente et objective, et forts de l\u2019exp\u00e9rience acquise au cours des 2000+ projets r\u00e9alis\u00e9s.<\/p>\n<\/div><div class=\"fusion-clearfix\"><\/div><\/div><\/div><div class=\"fusion-layout-column fusion_builder_column fusion-builder-column-4 fusion_builder_column_1_2 1_2 fusion-one-half fusion-column-first\" style=\"--awb-bg-size:cover;width:50%;width:calc(50% - ( ( 4% ) * 0.5 ) );margin-right: 4%;\"><div class=\"fusion-column-wrapper fusion-flex-column-wrapper-legacy\"><div class=\"fusion-text fusion-text-5\"><h4>Prot\u00e9ger activement l&rsquo;environnement, pour notre avenir<\/h4>\n<p>Agir de mani\u00e8re durable aussi bien que la protection de l\u2019environnement dans tous les domaines sont nos objectifs d\u2019entreprise et nos crit\u00e8res de prise de d\u00e9cision. La vision d\u2019un avenir durable pour le Luxembourg et notre plan\u00e8te nous motive \u00e0 promouvoir activement la transition \u00e9nerg\u00e9tique. Nous visons une d\u00e9mocratisation du march\u00e9 de l\u2019\u00e9nergie, loin de la d\u00e9pendance \u00e0 l\u2019\u00e9nergie nucl\u00e9aire et aux combustibles fossiles.<\/p>\n<p>Investir dans les \u00e9nergies renouvelables non seulement r\u00e9duit votre empreinte \u00e9cologique, mais renforce \u00e9galement l&rsquo;\u00e9conomie locale et r\u00e9duit notre d\u00e9pendance aux importations d&rsquo;\u00e9nergie. L&rsquo;\u00e9nergie solaire, c&rsquo;est la protection de l&rsquo;environnement avec des retours financiers. Laissez-nous travailler ensemble pour cr\u00e9er un avenir propre pour les g\u00e9n\u00e9rations futures.<\/p>\n<\/div><div class=\"fusion-clearfix\"><\/div><\/div><\/div><div class=\"fusion-layout-column fusion_builder_column fusion-builder-column-5 fusion_builder_column_1_2 1_2 fusion-one-half fusion-column-last\" style=\"--awb-padding-left:8%;--awb-bg-size:cover;width:50%;width:calc(50% - ( ( 4% ) * 0.5 ) );\"><div class=\"fusion-column-wrapper fusion-flex-column-wrapper-legacy\"><div class=\"fusion-image-element in-legacy-container\" style=\"--awb-caption-title-font-family:var(--h2_typography-font-family);--awb-caption-title-font-weight:var(--h2_typography-font-weight);--awb-caption-title-font-style:var(--h2_typography-font-style);--awb-caption-title-size:var(--h2_typography-font-size);--awb-caption-title-transform:var(--h2_typography-text-transform);--awb-caption-title-line-height:var(--h2_typography-line-height);--awb-caption-title-letter-spacing:var(--h2_typography-letter-spacing);\"><span class=\" fusion-imageframe imageframe-none imageframe-1 hover-type-none\"><img decoding=\"async\" width=\"516\" height=\"517\" alt=\"P\u00e8re et fille regarent ensemble vers un avenir \u00e0 l&#039;\u00e9nergie propre\" title=\"L&rsquo;\u00e9nergie solaire, c&rsquo;est de l&rsquo;\u00e9lectricit\u00e9 durable\" src=\"https:\/\/topsolar.lu\/wp-content\/uploads\/2015\/12\/solar-energie-ist-die-zukunft.jpg\" class=\"img-responsive wp-image-1664\" srcset=\"https:\/\/topsolar.lu\/wp-content\/uploads\/2015\/12\/solar-energie-ist-die-zukunft-200x200.jpg 200w, https:\/\/topsolar.lu\/wp-content\/uploads\/2015\/12\/solar-energie-ist-die-zukunft-400x401.jpg 400w, https:\/\/topsolar.lu\/wp-content\/uploads\/2015\/12\/solar-energie-ist-die-zukunft.jpg 516w\" sizes=\"(max-width: 850px) 100vw, 516px\" \/><\/span><\/div><div class=\"fusion-clearfix\"><\/div><\/div><\/div><\/div><\/div><div class=\"fusion-fullwidth fullwidth-box fusion-builder-row-4 nonhundred-percent-fullwidth non-hundred-percent-height-scrolling\" style=\"--awb-border-radius-top-left:0px;--awb-border-radius-top-right:0px;--awb-border-radius-bottom-right:0px;--awb-border-radius-bottom-left:0px;--awb-margin-top:20px;--awb-margin-bottom:20px;--awb-background-color:#467db9;--awb-flex-wrap:wrap;\" ><div class=\"fusion-builder-row fusion-row\"><div class=\"fusion-layout-column fusion_builder_column fusion-builder-column-6 fusion_builder_column_1_1 1_1 fusion-one-full fusion-column-first fusion-column-last\" style=\"--awb-padding-top:50px;--awb-padding-right:8%;--awb-padding-bottom:50px;--awb-padding-left:8%;--awb-bg-size:cover;\"><div class=\"fusion-column-wrapper fusion-flex-column-wrapper-legacy\"><div class=\"fusion-column-content-centered\"><div class=\"fusion-column-content\"><div class=\"fusion-sep-clear\"><\/div><div class=\"fusion-separator fusion-no-small-visibility fusion-full-width-sep\" style=\"margin-left: auto;margin-right: auto;margin-top:10px;width:100%;\"><\/div><div class=\"fusion-sep-clear\"><\/div><div class=\"fusion-text fusion-text-6\"><h2 style=\"text-align: center;\"><span style=\"color: #ffffff;\"><strong>Demandez \u00e0 un expert!<\/strong><\/span><br \/>\n<span style=\"color: #ffffff;\"><strong>(+352) 88 82 41<\/strong><\/span><\/h2>\n<\/div><\/div><\/div><div class=\"fusion-clearfix\"><\/div><\/div><\/div><\/div><\/div><div class=\"fusion-fullwidth fullwidth-box fusion-builder-row-5 hundred-percent-fullwidth non-hundred-percent-height-scrolling fusion-equal-height-columns\" style=\"--awb-background-position:right center;--awb-border-sizes-top:0px;--awb-border-sizes-bottom:0px;--awb-border-sizes-left:0px;--awb-border-sizes-right:0px;--awb-border-radius-top-left:0px;--awb-border-radius-top-right:0px;--awb-border-radius-bottom-right:0px;--awb-border-radius-bottom-left:0px;--awb-padding-top:0px;--awb-padding-right:8%;--awb-padding-bottom:80px;--awb-padding-left:8%;--awb-background-color:#ffffff;--awb-flex-wrap:wrap;\" ><div class=\"fusion-builder-row fusion-row\"><div class=\"fusion-layout-column fusion_builder_column fusion-builder-column-7 fusion_builder_column_1_1 1_1 fusion-one-full fusion-column-first fusion-column-last mass-intro fusion-column-no-min-height\" style=\"--awb-padding-right:15%;--awb-padding-left:15%;--awb-bg-size:cover;--awb-margin-top:42px;--awb-margin-bottom:20px;\"><div class=\"fusion-column-wrapper fusion-flex-column-wrapper-legacy\"><div class=\"fusion-menu-anchor\" id=\"kompetenzen\"><\/div><div class=\"fusion-text fusion-text-7\"><h2 style=\"text-align: center;\">Nous accompagnons votre projet de A \u00e0 Z<\/h2>\n<\/div><div class=\"fusion-sep-clear\"><\/div><div class=\"fusion-separator\" style=\"margin-left: auto;margin-right: auto;margin-top:0px;margin-bottom:30px;width:100%;max-width:206px;\"><div class=\"fusion-separator-border sep-single sep-solid\" style=\"--awb-height:20px;--awb-amount:20px;--awb-sep-color:#fed03d;border-color:#fed03d;border-top-width:2px;\"><\/div><\/div><div class=\"fusion-sep-clear\"><\/div><div class=\"fusion-text fusion-text-8\"><h3 style=\"text-align: center;\">De la planification \u00e0 l&rsquo;installation: <strong>un seul interlocuteur<\/strong>, pas de sous-traitants! Nous soumettons pour vous les demandes de subvention et assurons \u00e9galement l&rsquo;entretien des installations.<\/h3>\n<\/div><div class=\"fusion-clearfix\"><\/div><\/div><\/div><div class=\"fusion-layout-column fusion_builder_column fusion-builder-column-8 fusion_builder_column_1_3 1_3 fusion-one-third fusion-column-first fusion-column-no-min-height\" style=\"--awb-padding-top:15px;--awb-padding-right:7%;--awb-padding-bottom:15px;--awb-padding-left:7%;--awb-bg-size:cover;--awb-border-color:#467db9;--awb-border-right:0;--awb-border-style:solid;\"><div class=\"fusion-column-wrapper fusion-flex-column-wrapper-legacy\"><div class=\"fusion-image-element fusion-image-align-center in-legacy-container\" style=\"text-align:center;--awb-caption-title-font-family:var(--h2_typography-font-family);--awb-caption-title-font-weight:var(--h2_typography-font-weight);--awb-caption-title-font-style:var(--h2_typography-font-style);--awb-caption-title-size:var(--h2_typography-font-size);--awb-caption-title-transform:var(--h2_typography-text-transform);--awb-caption-title-line-height:var(--h2_typography-line-height);--awb-caption-title-letter-spacing:var(--h2_typography-letter-spacing);\"><div class=\"imageframe-align-center\"><span class=\" fusion-imageframe imageframe-none imageframe-2 hover-type-none\"><a class=\"fusion-no-lightbox\" href=\"https:\/\/topsolar.lu\/fr\/energie-photovoltaique\/\" target=\"_self\" aria-label=\"La photovolta\u00efque, c&rsquo;est l&rsquo;\u00e9nergie solaire\"><img decoding=\"async\" width=\"150\" height=\"150\" alt=\"Illustration d&#039;un panneau solaire servant \u00e0 produire de l&#039;\u00e9nergie solaire\" src=\"https:\/\/topsolar.lu\/wp-content\/uploads\/2015\/12\/solar-strom-photovoltaik.png\" class=\"img-responsive wp-image-1666\" srcset=\"https:\/\/topsolar.lu\/wp-content\/uploads\/2015\/12\/solar-strom-photovoltaik-66x66.png 66w, https:\/\/topsolar.lu\/wp-content\/uploads\/2015\/12\/solar-strom-photovoltaik.png 150w\" sizes=\"(max-width: 150px) 100vw, 150px\" \/><\/a><\/span><\/div><\/div><div class=\"fusion-sep-clear\"><\/div><div class=\"fusion-separator fusion-full-width-sep\" style=\"margin-left: auto;margin-right: auto;margin-bottom:10px;width:100%;\"><\/div><div class=\"fusion-sep-clear\"><\/div><div class=\"fusion-title title fusion-title-1 fusion-sep-none fusion-title-center fusion-title-text fusion-title-size-three\"><h3 class=\"fusion-title-heading title-heading-center fusion-responsive-typography-calculated\" style=\"margin:0;--fontSize:20;line-height:1.45;\">Photovolta\u00efque<\/h3><\/div><div class=\"fusion-clearfix\"><\/div><\/div><\/div><div class=\"fusion-layout-column fusion_builder_column fusion-builder-column-9 fusion_builder_column_2_3 2_3 fusion-two-third fusion-column-last\" style=\"--awb-bg-size:cover;width:65.3333%;\"><div class=\"fusion-column-wrapper fusion-column-has-shadow fusion-flex-column-wrapper-legacy\"><div class=\"fusion-text fusion-text-9\"><p>Le photovolta\u00efque est la conversion de la lumi\u00e8re en \u00e9lectricit\u00e9 par des cellules solaires. L&rsquo;\u00e9lectricit\u00e9 produite peut \u00eatre utilis\u00e9e imm\u00e9diatement \u00e0 la maison ou, comme coutume au Luxembourg, inject\u00e9e de mani\u00e8re rentable dans le r\u00e9seau public. <strong>Le photovolta\u00efque est le d\u00e9but de votre ind\u00e9pendance vis-\u00e0-vis des fournisseurs d&rsquo;\u00e9lectricit\u00e9 et des fluctuations de prix. <\/strong>Notre plan\u00e8te vous en remerciera, idem pour vos finances.<\/p>\n<p>Nous enverrons volontiers un expert chez vous, qui vous conseillera de mani\u00e8re individuelle, gratuitement et sans obligations.<\/p>\n<\/div><div class=\"fusion-clearfix\"><\/div><\/div><\/div><\/div><\/div><div class=\"fusion-fullwidth fullwidth-box fusion-builder-row-6 fusion-flex-container has-pattern-background has-mask-background nonhundred-percent-fullwidth non-hundred-percent-height-scrolling\" style=\"--awb-border-radius-top-left:0px;--awb-border-radius-top-right:0px;--awb-border-radius-bottom-right:0px;--awb-border-radius-bottom-left:0px;--awb-padding-top:50px;--awb-flex-wrap:wrap;\" ><div class=\"fusion-builder-row fusion-row fusion-flex-align-items-flex-start fusion-flex-content-wrap\" style=\"max-width:1216.8px;margin-left: calc(-4% \/ 2 );margin-right: calc(-4% \/ 2 );\"><div class=\"fusion-layout-column fusion_builder_column fusion-builder-column-10 fusion_builder_column_1_2 1_2 fusion-flex-column\" style=\"--awb-padding-left:50px;--awb-bg-size:cover;--awb-width-large:50%;--awb-margin-top-large:0px;--awb-spacing-right-large:3.84%;--awb-margin-bottom-large:0px;--awb-spacing-left-large:3.84%;--awb-width-medium:100%;--awb-order-medium:0;--awb-spacing-right-medium:1.92%;--awb-spacing-left-medium:1.92%;--awb-width-small:100%;--awb-order-small:0;--awb-spacing-right-small:1.92%;--awb-spacing-left-small:1.92%;\"><div class=\"fusion-column-wrapper fusion-column-has-shadow fusion-flex-justify-content-flex-start fusion-content-layout-column\"><div style=\"text-align:center;\"><a class=\"fusion-button button-flat fusion-button-default-size button-default fusion-button-default button-2 fusion-button-span-yes fusion-button-default-type\" target=\"_self\" href=\"https:\/\/topsolar.lu\/fr\/energie-photovoltaique\/\"><span class=\"fusion-button-text awb-button__text awb-button__text--default\">En savoir plus<\/span><\/a><\/div><\/div><\/div><div class=\"fusion-layout-column fusion_builder_column fusion-builder-column-11 fusion_builder_column_1_2 1_2 fusion-flex-column\" style=\"--awb-padding-right:50px;--awb-bg-size:cover;--awb-width-large:50%;--awb-margin-top-large:0px;--awb-spacing-right-large:3.84%;--awb-margin-bottom-large:0px;--awb-spacing-left-large:3.84%;--awb-width-medium:100%;--awb-order-medium:0;--awb-spacing-right-medium:1.92%;--awb-spacing-left-medium:1.92%;--awb-width-small:100%;--awb-order-small:0;--awb-spacing-right-small:1.92%;--awb-spacing-left-small:1.92%;\"><div class=\"fusion-column-wrapper fusion-column-has-shadow fusion-flex-justify-content-flex-start fusion-content-layout-column\"><div style=\"text-align:center;\"><a class=\"fusion-button button-flat fusion-button-default-size button-custom fusion-button-default button-3 fusion-button-span-yes fusion-button-default-type\" style=\"--button_accent_color:#fcd53c;--button_border_color:#fcd53c;--button_accent_hover_color:#314b81;--button_border_hover_color:#314b81;--button_gradient_top_color:#314b81;--button_gradient_bottom_color:#314b81;--button_gradient_top_color_hover:#fcd53c;--button_gradient_bottom_color_hover:#fcd53c;\" target=\"_self\" href=\"#contact\"><span class=\"fusion-button-text awb-button__text awb-button__text--default\">DEMANDER UN RDV<\/span><\/a><\/div><\/div><\/div><\/div><\/div><div class=\"fusion-fullwidth fullwidth-box fusion-builder-row-7 fusion-parallax-none nonhundred-percent-fullwidth non-hundred-percent-height-scrolling\" style=\"--awb-background-position:right center;--awb-border-sizes-top:0px;--awb-border-sizes-bottom:0px;--awb-border-sizes-left:0px;--awb-border-sizes-right:0px;--awb-border-radius-top-left:0px;--awb-border-radius-top-right:0px;--awb-border-radius-bottom-right:0px;--awb-border-radius-bottom-left:0px;--awb-background-image:url(&quot;https:\/\/topsolar.lu\/wp-content\/uploads\/2015\/12\/photovoltaik-luxemburg-statistik.jpg&quot;);--awb-background-size:cover;--awb-flex-wrap:wrap;\" ><div class=\"fusion-builder-row fusion-row\"><div class=\"fusion-layout-column fusion_builder_column fusion-builder-column-12 fusion_builder_column_1_1 1_1 fusion-one-full fusion-column-first fusion-column-last fusion-no-small-visibility\" style=\"--awb-bg-size:cover;\"><div class=\"fusion-column-wrapper fusion-flex-column-wrapper-legacy\"><div class=\"fusion-section-separator section-separator big-half-circle fusion-section-separator-1\" style=\"--awb-spacer-height:99px;--awb-svg-margin-left:0;--awb-svg-margin-right:0;--awb-divider-height:99px;--awb-spacer-padding-top:inherit;--awb-sep-padding:0;--awb-svg-padding:0;\"><div class=\"fusion-section-separator-svg\"><svg class=\"fusion-big-half-circle-candy\" xmlns=\"http:\/\/www.w3.org\/2000\/svg\" version=\"1.1\" width=\"100%\" height=\"100\" viewBox=\"0 0 100 100\" preserveAspectRatio=\"none\" fill=\"rgba(255,255,255,1)\"><path d=\"M0 0 C55 180 100 0 100 0 Z\"><\/path><\/svg><\/div><div class=\"fusion-section-separator-spacer\"><div class=\"fusion-section-separator-spacer-height\"><\/div><\/div><\/div><div class=\"fusion-clearfix\"><\/div><\/div><\/div><div class=\"fusion-layout-column fusion_builder_column fusion-builder-column-13 fusion_builder_column_1_1 1_1 fusion-one-full fusion-column-first fusion-column-last fusion-column-no-min-height\" style=\"--awb-bg-size:cover;--awb-margin-top:100px;--awb-margin-bottom:55px;\"><div class=\"fusion-column-wrapper fusion-flex-column-wrapper-legacy\"><div class=\"fusion-counters-box counters-box row fusion-clearfix fusion-columns-4\"><div class=\"fusion-counter-box fusion-column col-counter-box counter-box-wrapper col-lg-3 col-md-3 col-sm-3 fusion-counter-box-icon-top\" data-animationOffset=\"top-into-view\"><div class=\"counter-box-container\"><div class=\"content-box-percentage content-box-counter\"><i class=\"counter-box-icon fontawesome-icon fa fa-handshake-o\" aria-hidden=\"true\"><\/i><span class=\"display-counter\" data-value=\"20\" data-direction=\"up\" data-decimals=\"0\">0<\/span><span class=\"unit\">+<\/span><\/div><div class=\"counter-box-content\">ANN\u00c9ES D&rsquo;EXP\u00c9RIENCE<\/div><\/div><\/div><div class=\"fusion-counter-box fusion-column col-counter-box counter-box-wrapper col-lg-3 col-md-3 col-sm-3 fusion-counter-box-icon-top\" data-animationOffset=\"top-into-view\"><div class=\"counter-box-container\"><div class=\"content-box-percentage content-box-counter\"><i class=\"counter-box-icon fontawesome-icon fa fa-calendar\" aria-hidden=\"true\"><\/i><span class=\"display-counter\" data-value=\"365\" data-direction=\"up\" data-decimals=\"0\">0<\/span><\/div><div class=\"counter-box-content\">JOURS AVEC DE LA LUMI\u00c8RE DU SOLEIL<\/div><\/div><\/div><div class=\"fusion-counter-box fusion-column col-counter-box counter-box-wrapper col-lg-3 col-md-3 col-sm-3 fusion-counter-box-icon-top\" data-animationOffset=\"top-into-view\"><div class=\"counter-box-container\"><div class=\"content-box-percentage content-box-counter\"><i class=\"counter-box-icon fontawesome-icon fa fa-tint\" aria-hidden=\"true\"><\/i><span class=\"display-counter\" data-value=\"800\" data-direction=\"up\" data-decimals=\"0\">0<\/span><span class=\"unit\">L<\/span><\/div><div class=\"counter-box-content\">PLUIE PAR M\u00b2 \/ an<\/div><\/div><\/div><div class=\"fusion-counter-box fusion-column col-counter-box counter-box-wrapper col-lg-3 col-md-3 col-sm-3 fusion-counter-box-icon-top\" data-animationOffset=\"top-into-view\"><div class=\"counter-box-container\"><div class=\"content-box-percentage content-box-counter\"><i class=\"counter-box-icon fontawesome-icon fa fa-recycle\" aria-hidden=\"true\"><\/i><span class=\"display-counter\" data-value=\"100\" data-direction=\"up\" data-decimals=\"0\">0<\/span><span class=\"unit\">%<\/span><\/div><div class=\"counter-box-content\">RESPECT DE L&rsquo;ENVIRONNEMENT<\/div><\/div><\/div><\/div><div class=\"clearfix\"><\/div><div class=\"fusion-clearfix\"><\/div><\/div><\/div><div class=\"fusion-layout-column fusion_builder_column fusion-builder-column-14 fusion_builder_column_1_1 1_1 fusion-one-full fusion-column-first fusion-column-last fusion-no-small-visibility\" style=\"--awb-bg-color:rgba(109,109,109,0);--awb-bg-color-hover:rgba(109,109,109,0);--awb-bg-size:cover;\"><div class=\"fusion-column-wrapper fusion-flex-column-wrapper-legacy\"><div class=\"fusion-section-separator section-separator big-half-circle fusion-section-separator-2\" style=\"--awb-spacer-height:99px;--awb-svg-margin-left:0;--awb-svg-margin-right:0;--awb-divider-height:99px;--awb-spacer-padding-top:inherit;--awb-sep-padding:0;--awb-svg-padding:0;\"><div class=\"fusion-section-separator-svg\"><svg class=\"fusion-big-half-circle-candy\" xmlns=\"http:\/\/www.w3.org\/2000\/svg\" version=\"1.1\" width=\"100%\" height=\"100\" viewBox=\"0 0 100 100\" preserveAspectRatio=\"none\" fill=\"rgba(255,255,255,1)\"><path d=\"M0 100 C40 0 60 0 100 100 Z\"><\/path><\/svg><\/div><div class=\"fusion-section-separator-spacer\"><div class=\"fusion-section-separator-spacer-height\"><\/div><\/div><\/div><div class=\"fusion-clearfix\"><\/div><\/div><\/div><\/div><\/div><div class=\"fusion-fullwidth fullwidth-box fusion-builder-row-8 nonhundred-percent-fullwidth non-hundred-percent-height-scrolling\" style=\"--awb-background-position:left top;--awb-border-sizes-top:0px;--awb-border-sizes-bottom:0px;--awb-border-sizes-left:0px;--awb-border-sizes-right:0px;--awb-border-radius-top-left:0px;--awb-border-radius-top-right:0px;--awb-border-radius-bottom-right:0px;--awb-border-radius-bottom-left:0px;--awb-padding-top:90px;--awb-flex-wrap:wrap;\" ><div class=\"fusion-builder-row fusion-row\"><div class=\"fusion-layout-column fusion_builder_column fusion-builder-column-15 fusion_builder_column_1_1 1_1 fusion-one-full fusion-column-first fusion-column-last\" style=\"--awb-padding-right:15%;--awb-padding-left:15%;--awb-bg-size:cover;\"><div class=\"fusion-column-wrapper fusion-flex-column-wrapper-legacy\"><div class=\"fusion-text fusion-text-10\"><h2 style=\"font-weight: 300; text-align: center;\">Quelques projets phares<\/h2>\n<\/div><div class=\"fusion-sep-clear\"><\/div><div class=\"fusion-separator\" style=\"margin-left: auto;margin-right: auto;margin-top:0px;margin-bottom:30px;width:100%;max-width:206px;\"><div class=\"fusion-separator-border sep-single sep-solid\" style=\"--awb-height:20px;--awb-amount:20px;--awb-sep-color:#fed03d;border-color:#fed03d;border-top-width:2px;\"><\/div><\/div><div class=\"fusion-sep-clear\"><\/div><div class=\"fusion-text fusion-text-11\"><p style=\"text-align: center;\">En plus de 25 ans, en tant que pionniers dans le domaine des \u00e9nergies renouvelables, Topsolar a r\u00e9alis\u00e9 plus de 2000 projets. Voici quelques exemples repr\u00e9sentatifs et quelques projets particuli\u00e8rement int\u00e9ressants.<\/p>\n<\/div><div class=\"fusion-sep-clear\"><\/div><div class=\"fusion-separator fusion-full-width-sep\" style=\"margin-left: auto;margin-right: auto;margin-top:30px;width:100%;\"><\/div><div class=\"fusion-sep-clear\"><\/div><div class=\"fusion-clearfix\"><\/div><\/div><\/div><\/div><\/div><div class=\"fusion-fullwidth fullwidth-box fusion-builder-row-9 nonhundred-percent-fullwidth non-hundred-percent-height-scrolling fusion-equal-height-columns\" style=\"--awb-background-position:left top;--awb-border-sizes-top:0px;--awb-border-sizes-bottom:0px;--awb-border-sizes-left:0px;--awb-border-sizes-right:0px;--awb-border-radius-top-left:0px;--awb-border-radius-top-right:0px;--awb-border-radius-bottom-right:0px;--awb-border-radius-bottom-left:0px;--awb-padding-bottom:100px;--awb-background-color:#ffffff;--awb-flex-wrap:wrap;\" ><div class=\"fusion-builder-row fusion-row\"><div class=\"fusion-layout-column fusion_builder_column fusion-builder-column-16 fusion_builder_column_1_4 1_4 fusion-one-fourth fusion-column-first fusion-no-small-visibility\" style=\"--awb-bg-size:cover;--awb-margin-bottom:10px;width:25%;width:calc(25% - ( ( 10px + 10px + 10px ) * 0.25 ) );margin-right: 10px;\"><div class=\"fusion-column-wrapper fusion-flex-column-wrapper-legacy\"><div class=\"fusion-image-element fusion-image-align-center in-legacy-container\" style=\"text-align:center;--awb-caption-title-font-family:var(--h2_typography-font-family);--awb-caption-title-font-weight:var(--h2_typography-font-weight);--awb-caption-title-font-style:var(--h2_typography-font-style);--awb-caption-title-size:var(--h2_typography-font-size);--awb-caption-title-transform:var(--h2_typography-text-transform);--awb-caption-title-line-height:var(--h2_typography-line-height);--awb-caption-title-letter-spacing:var(--h2_typography-letter-spacing);\"><div class=\"imageframe-align-center\"><span class=\" fusion-imageframe imageframe-none imageframe-3 hover-type-none\"><a href=\"\/wp-content\/uploads\/2017\/12\/Koetschette-10-kWp.jpg\" class=\"fusion-lightbox\" data-rel=\"iLightbox[Referenzen-home]\" title=\"Installation solaire de 10 kWc \u00e0 Koetschette, Luxembourg\"><img decoding=\"async\" width=\"1000\" height=\"563\" alt=\"Installation solaire de 10 kWc \u00e0 Koetschette, Luxembourg\" src=\"https:\/\/topsolar.lu\/wp-content\/uploads\/2017\/12\/Koetschette-10-kWp.jpg\" class=\"img-responsive wp-image-2119\" srcset=\"https:\/\/topsolar.lu\/wp-content\/uploads\/2017\/12\/Koetschette-10-kWp-200x113.jpg 200w, https:\/\/topsolar.lu\/wp-content\/uploads\/2017\/12\/Koetschette-10-kWp-400x225.jpg 400w, https:\/\/topsolar.lu\/wp-content\/uploads\/2017\/12\/Koetschette-10-kWp-600x338.jpg 600w, https:\/\/topsolar.lu\/wp-content\/uploads\/2017\/12\/Koetschette-10-kWp-800x450.jpg 800w, https:\/\/topsolar.lu\/wp-content\/uploads\/2017\/12\/Koetschette-10-kWp.jpg 1000w\" sizes=\"(max-width: 850px) 100vw, 400px\" \/><\/a><\/span><\/div><\/div><div class=\"fusion-clearfix\"><\/div><\/div><\/div><div class=\"fusion-layout-column fusion_builder_column fusion-builder-column-17 fusion_builder_column_1_4 1_4 fusion-one-fourth\" style=\"--awb-bg-size:cover;--awb-margin-bottom:10px;width:25%;width:calc(25% - ( ( 10px + 10px + 10px ) * 0.25 ) );margin-right: 10px;\"><div class=\"fusion-column-wrapper fusion-flex-column-wrapper-legacy\"><div class=\"fusion-image-element fusion-image-align-center in-legacy-container\" style=\"text-align:center;--awb-caption-title-font-family:var(--h2_typography-font-family);--awb-caption-title-font-weight:var(--h2_typography-font-weight);--awb-caption-title-font-style:var(--h2_typography-font-style);--awb-caption-title-size:var(--h2_typography-font-size);--awb-caption-title-transform:var(--h2_typography-text-transform);--awb-caption-title-line-height:var(--h2_typography-line-height);--awb-caption-title-letter-spacing:var(--h2_typography-letter-spacing);\"><div class=\"imageframe-align-center\"><span class=\" fusion-imageframe imageframe-none imageframe-4 hover-type-none\"><a href=\"\/wp-content\/uploads\/2017\/12\/Esch-sur-Alzette-Hotel-de-Ville-30-kWp-1.jpg\" class=\"fusion-lightbox\" data-rel=\"iLightbox[Referenzen-home]\" title=\"30kWp PV Anlage in Esch-sur-Alzette\"><img decoding=\"async\" width=\"1000\" height=\"669\" alt=\"30kWp PV Anlage in Esch-sur-Alzette\" src=\"https:\/\/topsolar.lu\/wp-content\/uploads\/2017\/12\/Esch-sur-Alzette-Hotel-de-Ville-30-kWp-1.jpg\" class=\"img-responsive wp-image-2123\" srcset=\"https:\/\/topsolar.lu\/wp-content\/uploads\/2017\/12\/Esch-sur-Alzette-Hotel-de-Ville-30-kWp-1-200x134.jpg 200w, https:\/\/topsolar.lu\/wp-content\/uploads\/2017\/12\/Esch-sur-Alzette-Hotel-de-Ville-30-kWp-1-400x268.jpg 400w, https:\/\/topsolar.lu\/wp-content\/uploads\/2017\/12\/Esch-sur-Alzette-Hotel-de-Ville-30-kWp-1-600x401.jpg 600w, https:\/\/topsolar.lu\/wp-content\/uploads\/2017\/12\/Esch-sur-Alzette-Hotel-de-Ville-30-kWp-1-800x535.jpg 800w, https:\/\/topsolar.lu\/wp-content\/uploads\/2017\/12\/Esch-sur-Alzette-Hotel-de-Ville-30-kWp-1.jpg 1000w\" sizes=\"(max-width: 850px) 100vw, 400px\" \/><\/a><\/span><\/div><\/div><div class=\"fusion-clearfix\"><\/div><\/div><\/div><div class=\"fusion-layout-column fusion_builder_column fusion-builder-column-18 fusion_builder_column_1_4 1_4 fusion-one-fourth\" style=\"--awb-bg-size:cover;--awb-margin-bottom:10px;width:25%;width:calc(25% - ( ( 10px + 10px + 10px ) * 0.25 ) );margin-right: 10px;\"><div class=\"fusion-column-wrapper fusion-flex-column-wrapper-legacy\"><div class=\"fusion-image-element fusion-image-align-center in-legacy-container\" style=\"text-align:center;--awb-caption-title-font-family:var(--h2_typography-font-family);--awb-caption-title-font-weight:var(--h2_typography-font-weight);--awb-caption-title-font-style:var(--h2_typography-font-style);--awb-caption-title-size:var(--h2_typography-font-size);--awb-caption-title-transform:var(--h2_typography-text-transform);--awb-caption-title-line-height:var(--h2_typography-line-height);--awb-caption-title-letter-spacing:var(--h2_typography-letter-spacing);\"><div class=\"imageframe-align-center\"><span class=\" fusion-imageframe imageframe-none imageframe-5 hover-type-none\"><a href=\"\/wp-content\/uploads\/2017\/12\/Differdange-Fassadenanlage.jpg\" class=\"fusion-lightbox\" data-rel=\"iLightbox[Referenzen-home]\" title=\"Installation en fa\u00e7ade de Differdange\"><img decoding=\"async\" width=\"750\" height=\"1000\" alt=\"Installation en fa\u00e7ade \u00e0 Differdange, Luxembourg\" src=\"https:\/\/topsolar.lu\/wp-content\/uploads\/2017\/12\/Differdange-Fassadenanlage.jpg\" class=\"img-responsive wp-image-2127\" srcset=\"https:\/\/topsolar.lu\/wp-content\/uploads\/2017\/12\/Differdange-Fassadenanlage-200x267.jpg 200w, https:\/\/topsolar.lu\/wp-content\/uploads\/2017\/12\/Differdange-Fassadenanlage-400x533.jpg 400w, https:\/\/topsolar.lu\/wp-content\/uploads\/2017\/12\/Differdange-Fassadenanlage-600x800.jpg 600w, https:\/\/topsolar.lu\/wp-content\/uploads\/2017\/12\/Differdange-Fassadenanlage.jpg 750w\" sizes=\"(max-width: 850px) 100vw, 400px\" \/><\/a><\/span><\/div><\/div><div class=\"fusion-clearfix\"><\/div><\/div><\/div><div class=\"fusion-layout-column fusion_builder_column fusion-builder-column-19 fusion_builder_column_1_4 1_4 fusion-one-fourth fusion-column-last\" style=\"--awb-bg-size:cover;--awb-margin-bottom:10px;width:25%;width:calc(25% - ( ( 10px + 10px + 10px ) * 0.25 ) );\"><div class=\"fusion-column-wrapper fusion-flex-column-wrapper-legacy\"><div class=\"fusion-image-element fusion-image-align-center in-legacy-container\" style=\"text-align:center;--awb-caption-title-font-family:var(--h2_typography-font-family);--awb-caption-title-font-weight:var(--h2_typography-font-weight);--awb-caption-title-font-style:var(--h2_typography-font-style);--awb-caption-title-size:var(--h2_typography-font-size);--awb-caption-title-transform:var(--h2_typography-text-transform);--awb-caption-title-line-height:var(--h2_typography-line-height);--awb-caption-title-letter-spacing:var(--h2_typography-letter-spacing);\"><div class=\"imageframe-align-center\"><span class=\" fusion-imageframe imageframe-none imageframe-6 hover-type-none\"><a href=\"\/wp-content\/uploads\/2017\/12\/Schandel-30-kWp-1.jpg\" class=\"fusion-lightbox\" data-rel=\"iLightbox[Referenzen-home]\" title=\"Syst\u00e8me PV de 30 kWc \u00e0 Schandel\"><img decoding=\"async\" width=\"1000\" height=\"563\" alt=\"Syst\u00e8me d&#039;\u00e9nergie solaire de 30 kWc \u00e0 Schandel\" src=\"https:\/\/topsolar.lu\/wp-content\/uploads\/2017\/12\/Schandel-30-kWp-1.jpg\" class=\"img-responsive wp-image-2131\" srcset=\"https:\/\/topsolar.lu\/wp-content\/uploads\/2017\/12\/Schandel-30-kWp-1-200x113.jpg 200w, https:\/\/topsolar.lu\/wp-content\/uploads\/2017\/12\/Schandel-30-kWp-1-400x225.jpg 400w, https:\/\/topsolar.lu\/wp-content\/uploads\/2017\/12\/Schandel-30-kWp-1-600x338.jpg 600w, https:\/\/topsolar.lu\/wp-content\/uploads\/2017\/12\/Schandel-30-kWp-1-800x450.jpg 800w, https:\/\/topsolar.lu\/wp-content\/uploads\/2017\/12\/Schandel-30-kWp-1.jpg 1000w\" sizes=\"(max-width: 850px) 100vw, 400px\" \/><\/a><\/span><\/div><\/div><div class=\"fusion-clearfix\"><\/div><\/div><\/div><div class=\"fusion-layout-column fusion_builder_column fusion-builder-column-20 fusion_builder_column_1_4 1_4 fusion-one-fourth fusion-column-first fusion-no-small-visibility\" style=\"--awb-bg-size:cover;--awb-margin-bottom:10px;width:25%;width:calc(25% - ( ( 10px + 10px + 10px ) * 0.25 ) );margin-right: 10px;\"><div class=\"fusion-column-wrapper fusion-flex-column-wrapper-legacy\"><div class=\"fusion-image-element fusion-image-align-center in-legacy-container\" style=\"text-align:center;--awb-caption-title-font-family:var(--h2_typography-font-family);--awb-caption-title-font-weight:var(--h2_typography-font-weight);--awb-caption-title-font-style:var(--h2_typography-font-style);--awb-caption-title-size:var(--h2_typography-font-size);--awb-caption-title-transform:var(--h2_typography-text-transform);--awb-caption-title-line-height:var(--h2_typography-line-height);--awb-caption-title-letter-spacing:var(--h2_typography-letter-spacing);\"><div class=\"imageframe-align-center\"><span class=\" fusion-imageframe imageframe-none imageframe-7 hover-type-none\"><a href=\"https:\/\/topsolar.lu\/wp-content\/uploads\/2017\/12\/Sonnenkollektoren-als-\u00dcberdach-1.jpg\" class=\"fusion-lightbox\" data-rel=\"iLightbox[Referenzen-home]\" data-caption=\"Panneaux solaires de Topsolar en canop\u00e9e\" data-title=\"Panneaux solaires de Topsolar en canop\u00e9e\" title=\"Panneaux solaires de Topsolar en canop\u00e9e\"><img decoding=\"async\" width=\"1000\" height=\"750\" alt=\"Panneaux solaires de Topsolar en canop\u00e9e\" src=\"https:\/\/topsolar.lu\/wp-content\/uploads\/2017\/12\/Sonnenkollektoren-als-\u00dcberdach-1.jpg\" class=\"img-responsive wp-image-2171\" srcset=\"https:\/\/topsolar.lu\/wp-content\/uploads\/2017\/12\/Sonnenkollektoren-als-\u00dcberdach-1-200x150.jpg 200w, https:\/\/topsolar.lu\/wp-content\/uploads\/2017\/12\/Sonnenkollektoren-als-\u00dcberdach-1-400x300.jpg 400w, https:\/\/topsolar.lu\/wp-content\/uploads\/2017\/12\/Sonnenkollektoren-als-\u00dcberdach-1-600x450.jpg 600w, https:\/\/topsolar.lu\/wp-content\/uploads\/2017\/12\/Sonnenkollektoren-als-\u00dcberdach-1-800x600.jpg 800w, https:\/\/topsolar.lu\/wp-content\/uploads\/2017\/12\/Sonnenkollektoren-als-\u00dcberdach-1.jpg 1000w\" sizes=\"(max-width: 850px) 100vw, 400px\" \/><\/a><\/span><\/div><\/div><div class=\"fusion-clearfix\"><\/div><\/div><\/div><div class=\"fusion-layout-column fusion_builder_column fusion-builder-column-21 fusion_builder_column_1_4 1_4 fusion-one-fourth fusion-no-small-visibility\" style=\"--awb-bg-size:cover;--awb-margin-bottom:10px;width:25%;width:calc(25% - ( ( 10px + 10px + 10px ) * 0.25 ) );margin-right: 10px;\"><div class=\"fusion-column-wrapper fusion-flex-column-wrapper-legacy\"><div class=\"fusion-image-element fusion-image-align-center in-legacy-container\" style=\"text-align:center;--awb-caption-title-font-family:var(--h2_typography-font-family);--awb-caption-title-font-weight:var(--h2_typography-font-weight);--awb-caption-title-font-style:var(--h2_typography-font-style);--awb-caption-title-size:var(--h2_typography-font-size);--awb-caption-title-transform:var(--h2_typography-text-transform);--awb-caption-title-line-height:var(--h2_typography-line-height);--awb-caption-title-letter-spacing:var(--h2_typography-letter-spacing);\"><div class=\"imageframe-align-center\"><span class=\" fusion-imageframe imageframe-none imageframe-8 hover-type-none\"><a href=\"https:\/\/topsolar.lu\/wp-content\/uploads\/2017\/12\/Cents-Laminat-Sonderanfertigung.jpg\" class=\"fusion-lightbox\" data-rel=\"iLightbox[Referenzen-home]\" data-caption=\"Installation photovoltaique en sur-mesure avec capteurs en stratifi\u00e9\" data-title=\"Installation photovoltaique en sur-mesure avec capteurs en stratifi\u00e9\" title=\"Installation photovoltaique en sur-mesure avec capteurs en stratifi\u00e9\"><img decoding=\"async\" width=\"1000\" height=\"750\" alt=\"Production sp\u00e9ciale de stratifi\u00e9 pour installation photovolta\u00efque \u00e0 Cents, Luxembourg\" src=\"https:\/\/topsolar.lu\/wp-content\/uploads\/2017\/12\/Cents-Laminat-Sonderanfertigung.jpg\" class=\"img-responsive wp-image-2139\" srcset=\"https:\/\/topsolar.lu\/wp-content\/uploads\/2017\/12\/Cents-Laminat-Sonderanfertigung-200x150.jpg 200w, https:\/\/topsolar.lu\/wp-content\/uploads\/2017\/12\/Cents-Laminat-Sonderanfertigung-400x300.jpg 400w, https:\/\/topsolar.lu\/wp-content\/uploads\/2017\/12\/Cents-Laminat-Sonderanfertigung-600x450.jpg 600w, https:\/\/topsolar.lu\/wp-content\/uploads\/2017\/12\/Cents-Laminat-Sonderanfertigung-800x600.jpg 800w, https:\/\/topsolar.lu\/wp-content\/uploads\/2017\/12\/Cents-Laminat-Sonderanfertigung.jpg 1000w\" sizes=\"(max-width: 850px) 100vw, 400px\" \/><\/a><\/span><\/div><\/div><div class=\"fusion-clearfix\"><\/div><\/div><\/div><div class=\"fusion-layout-column fusion_builder_column fusion-builder-column-22 fusion_builder_column_1_4 1_4 fusion-one-fourth fusion-no-small-visibility\" style=\"--awb-bg-size:cover;--awb-margin-bottom:10px;width:25%;width:calc(25% - ( ( 10px + 10px + 10px ) * 0.25 ) );margin-right: 10px;\"><div class=\"fusion-column-wrapper fusion-flex-column-wrapper-legacy\"><div class=\"fusion-image-element fusion-image-align-center in-legacy-container\" style=\"text-align:center;--awb-caption-title-font-family:var(--h2_typography-font-family);--awb-caption-title-font-weight:var(--h2_typography-font-weight);--awb-caption-title-font-style:var(--h2_typography-font-style);--awb-caption-title-size:var(--h2_typography-font-size);--awb-caption-title-transform:var(--h2_typography-text-transform);--awb-caption-title-line-height:var(--h2_typography-line-height);--awb-caption-title-letter-spacing:var(--h2_typography-letter-spacing);\"><div class=\"imageframe-align-center\"><span class=\" fusion-imageframe imageframe-none imageframe-9 hover-type-none\"><a href=\"https:\/\/topsolar.lu\/wp-content\/uploads\/2017\/12\/Regenwasser-Anlage-mit-30-000-L-Speichervolumen.jpg\" class=\"fusion-lightbox\" data-rel=\"iLightbox[Referenzen-home]\" data-caption=\"Syst\u00e8me d&#039;eau de pluie avec un volume de stockage de 30 000 L\" data-title=\"Syst\u00e8me d&rsquo;eau de pluie avec un volume de stockage de 30 000 L\" title=\"Syst\u00e8me d&rsquo;eau de pluie avec un volume de stockage de 30 000 L\"><img decoding=\"async\" width=\"1000\" height=\"750\" alt=\"Syst\u00e8me d&#039;eau de pluie avec un volume de stockage de 30 000 L\" src=\"https:\/\/topsolar.lu\/wp-content\/uploads\/2017\/12\/Regenwasser-Anlage-mit-30-000-L-Speichervolumen.jpg\" class=\"img-responsive wp-image-2189\" srcset=\"https:\/\/topsolar.lu\/wp-content\/uploads\/2017\/12\/Regenwasser-Anlage-mit-30-000-L-Speichervolumen-200x150.jpg 200w, https:\/\/topsolar.lu\/wp-content\/uploads\/2017\/12\/Regenwasser-Anlage-mit-30-000-L-Speichervolumen-400x300.jpg 400w, https:\/\/topsolar.lu\/wp-content\/uploads\/2017\/12\/Regenwasser-Anlage-mit-30-000-L-Speichervolumen-600x450.jpg 600w, https:\/\/topsolar.lu\/wp-content\/uploads\/2017\/12\/Regenwasser-Anlage-mit-30-000-L-Speichervolumen-800x600.jpg 800w, https:\/\/topsolar.lu\/wp-content\/uploads\/2017\/12\/Regenwasser-Anlage-mit-30-000-L-Speichervolumen.jpg 1000w\" sizes=\"(max-width: 850px) 100vw, 400px\" \/><\/a><\/span><\/div><\/div><div class=\"fusion-clearfix\"><\/div><\/div><\/div><div class=\"fusion-layout-column fusion_builder_column fusion-builder-column-23 fusion_builder_column_1_4 1_4 fusion-one-fourth fusion-column-last\" style=\"--awb-bg-size:cover;--awb-margin-bottom:10px;width:25%;width:calc(25% - ( ( 10px + 10px + 10px ) * 0.25 ) );\"><div class=\"fusion-column-wrapper fusion-flex-column-wrapper-legacy\"><div class=\"fusion-image-element fusion-image-align-center in-legacy-container\" style=\"text-align:center;--awb-caption-title-font-family:var(--h2_typography-font-family);--awb-caption-title-font-weight:var(--h2_typography-font-weight);--awb-caption-title-font-style:var(--h2_typography-font-style);--awb-caption-title-size:var(--h2_typography-font-size);--awb-caption-title-transform:var(--h2_typography-text-transform);--awb-caption-title-line-height:var(--h2_typography-line-height);--awb-caption-title-letter-spacing:var(--h2_typography-letter-spacing);\"><div class=\"imageframe-align-center\"><span class=\" fusion-imageframe imageframe-none imageframe-10 hover-type-none\"><a href=\"https:\/\/topsolar.lu\/wp-content\/uploads\/2017\/12\/Schouweiler-Solar-Carport-6-kWp.jpg\" class=\"fusion-lightbox\" data-rel=\"iLightbox[Referenzen-home]\" data-caption=\"Abri-voiture solaire \u00e0 Schouweiler, Luxembourg\" data-title=\"Abri-voiture solaire \u00e0 Schouweiler, Luxembourg\" title=\"Abri-voiture solaire \u00e0 Schouweiler, Luxembourg\"><img decoding=\"async\" width=\"1000\" height=\"750\" alt=\"Abri-voiture solaire \u00e0 Schouweiler, Luxembourg\" src=\"https:\/\/topsolar.lu\/wp-content\/uploads\/2017\/12\/Schouweiler-Solar-Carport-6-kWp.jpg\" class=\"img-responsive wp-image-2147\" srcset=\"https:\/\/topsolar.lu\/wp-content\/uploads\/2017\/12\/Schouweiler-Solar-Carport-6-kWp-200x150.jpg 200w, https:\/\/topsolar.lu\/wp-content\/uploads\/2017\/12\/Schouweiler-Solar-Carport-6-kWp-400x300.jpg 400w, https:\/\/topsolar.lu\/wp-content\/uploads\/2017\/12\/Schouweiler-Solar-Carport-6-kWp-600x450.jpg 600w, https:\/\/topsolar.lu\/wp-content\/uploads\/2017\/12\/Schouweiler-Solar-Carport-6-kWp-800x600.jpg 800w, https:\/\/topsolar.lu\/wp-content\/uploads\/2017\/12\/Schouweiler-Solar-Carport-6-kWp.jpg 1000w\" sizes=\"(max-width: 850px) 100vw, 400px\" \/><\/a><\/span><\/div><\/div><div class=\"fusion-clearfix\"><\/div><\/div><\/div><\/div><\/div><div class=\"fusion-fullwidth fullwidth-box fusion-builder-row-10 nonhundred-percent-fullwidth non-hundred-percent-height-scrolling\" style=\"--awb-background-position:left top;--awb-border-sizes-top:0px;--awb-border-sizes-bottom:0px;--awb-border-sizes-left:0px;--awb-border-sizes-right:0px;--awb-border-radius-top-left:0px;--awb-border-radius-top-right:0px;--awb-border-radius-bottom-right:0px;--awb-border-radius-bottom-left:0px;--awb-padding-top:90px;--awb-padding-bottom:20px;--awb-background-color:#467db9;--awb-flex-wrap:wrap;\" ><div class=\"fusion-builder-row fusion-row\"><div class=\"fusion-layout-column fusion_builder_column fusion-builder-column-24 fusion_builder_column_1_1 1_1 fusion-one-full fusion-column-first fusion-column-last\" style=\"--awb-padding-right:15%;--awb-padding-left:15%;--awb-bg-size:cover;\"><div class=\"fusion-column-wrapper fusion-flex-column-wrapper-legacy\"><div class=\"fusion-text fusion-text-12\"><h2 style=\"font-weight: 300; text-align: center;\"><span style=\"color: #ffffff;\">R\u00e9compenses &amp; certifications<\/span><\/h2>\n<\/div><div class=\"fusion-sep-clear\"><\/div><div class=\"fusion-separator\" style=\"margin-left: auto;margin-right: auto;margin-top:0px;margin-bottom:30px;width:100%;max-width:206px;\"><div class=\"fusion-separator-border sep-single sep-solid\" style=\"--awb-height:20px;--awb-amount:20px;--awb-sep-color:#fed03d;border-color:#fed03d;border-top-width:2px;\"><\/div><\/div><div class=\"fusion-sep-clear\"><\/div><div class=\"fusion-text fusion-text-13\"><p style=\"text-align: center;\"><span style=\"color: #ffffff;\">En tant que pionniers dans le domaine des \u00e9nergies renouvelables, il est de notre devoir de montrer l&rsquo;exemple. Topsolar a \u00e9t\u00e9 certifi\u00e9 avec les r\u00e9compenses suivantes pour notre engagement et notre savoir-faire.<\/span><\/p>\n<\/div><div class=\"fusion-sep-clear\"><\/div><div class=\"fusion-separator fusion-full-width-sep\" style=\"margin-left: auto;margin-right: auto;margin-top:30px;width:100%;\"><\/div><div class=\"fusion-sep-clear\"><\/div><div class=\"fusion-clearfix\"><\/div><\/div><\/div><div class=\"fusion-layout-column fusion_builder_column fusion-builder-column-25 fusion_builder_column_1_1 1_1 fusion-one-full fusion-column-first fusion-column-last\" style=\"--awb-bg-size:cover;\"><div class=\"fusion-column-wrapper fusion-flex-column-wrapper-legacy\"><div class=\"fusion-content-boxes content-boxes columns row fusion-columns-3 fusion-columns-total-3 fusion-content-boxes-1 content-boxes-icon-on-top content-left\" style=\"--awb-body-color:#ffffff;--awb-title-color:#ffffff;--awb-hover-accent-color:#fed03d;--awb-circle-hover-accent-color:#fed03d;\" data-animationOffset=\"top-into-view\"><div style=\"--awb-backgroundcolor:rgba(255,255,255,0);\" class=\"fusion-column content-box-column content-box-column content-box-column-1 col-lg-4 col-md-4 col-sm-4 fusion-content-box-hover content-box-column-first-in-row\"><div class=\"col content-box-wrapper content-wrapper link-area-link-icon link-type-text icon-hover-animation-none\" data-animationOffset=\"top-into-view\"><div class=\"heading heading-with-icon icon-left\"><a class=\"heading-link\" href=\"http:\/\/www.climeec.lu\/\" target=\"_blank\" rel=\"noopener noreferrer\"><div aria-hidden=\"true\" class=\"image\"><img decoding=\"async\" src=\"https:\/\/topsolar.lu\/wp-content\/uploads\/2015\/12\/logo-climeec.png\" width=\"276\" height=\"100\" alt=\"Certificat du ClimEEC - Eco Expert Cluster\" \/><\/div><h2 class=\"content-box-heading fusion-responsive-typography-calculated\" style=\"--h2_typography-font-size:24px;--fontSize:24;line-height:1.31;\">ClimEEC<\/h2><\/a><\/div><div class=\"fusion-clearfix\"><\/div><div class=\"content-container\"><div class=\"fusion-sep-clear\"><\/div><div class=\"fusion-separator\" style=\"margin-left: auto;margin-right: auto;margin-top:0px;margin-bottom:20px;width:100%;max-width:60px;\"><div class=\"fusion-separator-border sep-single sep-solid\" style=\"--awb-height:20px;--awb-amount:20px;--awb-sep-color:#fcd53c;border-color:#fcd53c;border-top-width:2px;\"><\/div><\/div><div class=\"fusion-sep-clear\"><\/div>\nTopsolar est membre du ClimEEC, une alliance d&rsquo;experts dans le domaine de la construction \u00e9cologique et des \u00e9nergies renouvelables, bas\u00e9s dans la r\u00e9gion d&rsquo;Eisl\u00e9ck au Luxembourg.<\/div><\/div><\/div><div style=\"--awb-backgroundcolor:rgba(255,255,255,0);\" class=\"fusion-column content-box-column content-box-column content-box-column-2 col-lg-4 col-md-4 col-sm-4 fusion-content-box-hover \"><div class=\"col content-box-wrapper content-wrapper link-area-link-icon link-type-text icon-hover-animation-none\" data-animationOffset=\"top-into-view\"><div class=\"heading heading-with-icon icon-left\"><a class=\"heading-link\" href=\"http:\/\/www.cdm.lu\/news\/fiche\/2012\/09\/das-neue-weiterbildungsprogramm-energie-fir-d-zukunft-\" target=\"_blank\" rel=\"noopener noreferrer\"><div aria-hidden=\"true\" class=\"image\"><img decoding=\"async\" src=\"https:\/\/topsolar.lu\/wp-content\/uploads\/2015\/12\/logo-energie.png\" width=\"268\" height=\"97.1\" alt=\"Logo de l&#039;initiative pour l&#039;\u00e9nergie d&#039;avenir\" \/><\/div><h2 class=\"content-box-heading fusion-responsive-typography-calculated\" style=\"--h2_typography-font-size:24px;--fontSize:24;line-height:1.31;\">\u00c9nergie pour l'avenir<\/h2><\/a><\/div><div class=\"fusion-clearfix\"><\/div><div class=\"content-container\">\n<div class=\"fusion-sep-clear\"><\/div><div class=\"fusion-separator\" style=\"margin-left: auto;margin-right: auto;margin-top:0px;margin-bottom:30px;width:100%;max-width:60px;\"><div class=\"fusion-separator-border sep-single sep-solid\" style=\"--awb-height:20px;--awb-amount:20px;--awb-sep-color:#fcd53c;border-color:#fcd53c;border-top-width:2px;\"><\/div><\/div><div class=\"fusion-sep-clear\"><\/div>\nLa certification <em>\u201eArtisan Certifi\u00e9 Maison Passive\u201c<\/em>\u00a0et la r\u00e9compense avec le label \u00abEnergie fir d\u2019Zukunft+\u00bb (\u00e9nergie pour l&rsquo;avenir) est un gage de qualit\u00e9 pour nos clients, \u00e9mis par la Chambre des M\u00e9tiers au Luxembourg.<\/p>\n<\/div><\/div><\/div><div style=\"--awb-backgroundcolor:rgba(255,255,255,0);\" class=\"fusion-column content-box-column content-box-column content-box-column-3 col-lg-4 col-md-4 col-sm-4 fusion-content-box-hover content-box-column-last content-box-column-last-in-row\"><div class=\"col content-box-wrapper content-wrapper link-area-link-icon link-type-text icon-hover-animation-none\" data-animationOffset=\"top-into-view\"><div class=\"heading heading-with-icon icon-left\"><a class=\"heading-link\" href=\"https:\/\/www.superdreckskescht.com\/index.php\/fr\/\" target=\"_blank\" rel=\"noopener noreferrer\"><div aria-hidden=\"true\" class=\"image\"><img decoding=\"async\" src=\"https:\/\/topsolar.lu\/wp-content\/uploads\/2015\/12\/logo-superdreckskescht.png\" width=\"264\" height=\"95.65\" alt=\"Logo de l&#039;initiative SuperDrecksK\u00ebscht au Luxembourg\" \/><\/div><h2 class=\"content-box-heading fusion-responsive-typography-calculated\" style=\"--h2_typography-font-size:24px;--fontSize:24;line-height:1.31;\">\u00c9limination \u00e9cologique des d\u00e9chets<\/h2><\/a><\/div><div class=\"fusion-clearfix\"><\/div><div class=\"content-container\"><div class=\"fusion-sep-clear\"><\/div><div class=\"fusion-separator\" style=\"margin-left: auto;margin-right: auto;margin-top:0px;margin-bottom:30px;width:100%;max-width:60px;\"><div class=\"fusion-separator-border sep-single sep-solid\" style=\"--awb-height:20px;--awb-amount:20px;--awb-sep-color:#fcd53c;border-color:#fcd53c;border-top-width:2px;\"><\/div><\/div><div class=\"fusion-sep-clear\"><\/div>\nL&rsquo;utilisation durable et responsable des ressources et la gestion des d\u00e9chets par Topsolar ont \u00e9t\u00e9 r\u00e9compens\u00e9s avec le label <em>\u00abSuperDrecksKescht fir Betriber\u00bb<\/em>.<\/div><\/div><\/div><div class=\"fusion-clearfix\"><\/div><\/div><div class=\"fusion-clearfix\"><\/div><\/div><\/div><\/div><\/div><div id=\"contact\" class=\"fusion-container-anchor\"><div class=\"fusion-fullwidth fullwidth-box fusion-builder-row-11 fusion-parallax-none nonhundred-percent-fullwidth non-hundred-percent-height-scrolling fusion-equal-height-columns\" style=\"--awb-background-position:left center;--awb-border-sizes-top:0px;--awb-border-sizes-bottom:0px;--awb-border-sizes-left:0px;--awb-border-sizes-right:0px;--awb-border-radius-top-left:0px;--awb-border-radius-top-right:0px;--awb-border-radius-bottom-right:0px;--awb-border-radius-bottom-left:0px;--awb-padding-top:100px;--awb-padding-bottom:90px;--awb-background-color:#314b81;--awb-background-image:url(&quot;https:\/\/topsolar.lu\/wp-content\/uploads\/2015\/12\/solar-energie-luxemburg-kontakt.jpg&quot;);--awb-background-size:cover;--awb-flex-wrap:wrap;\" ><div class=\"fusion-builder-row fusion-row\"><div class=\"fusion-layout-column fusion_builder_column fusion-builder-column-26 fusion_builder_column_2_5 2_5 fusion-two-fifth fusion-column-first\" style=\"--awb-bg-size:cover;--awb-margin-bottom:25px;width:40%;width:calc(40% - ( ( 50px ) * 0.4 ) );margin-right: 50px;\"><div class=\"fusion-column-wrapper fusion-flex-column-wrapper-legacy\"><div class=\"fusion-text fusion-text-14\"><h1 style=\"font-weight: 300;\"><span style=\"color: #ffffff;\">Construisons ensemble un avenir durable<\/span><\/h1>\n<\/div><div class=\"fusion-sep-clear\"><\/div><div class=\"fusion-separator fusion-clearfix\" style=\"float:left;margin-top:0px;margin-bottom:30px;width:100%;max-width:206px;\"><div class=\"fusion-separator-border sep-single sep-solid\" style=\"--awb-height:20px;--awb-amount:20px;--awb-sep-color:#fed03d;border-color:#fed03d;border-top-width:2px;\"><\/div><\/div><div class=\"fusion-sep-clear\"><\/div><div class=\"fusion-text fusion-text-15\"><h3><span style=\"color: #ffffff;\">En tant que sp\u00e9cialiste avec plus de 20 ans d&rsquo;exp\u00e9rience, nous sommes votre expert comp\u00e9tent au Luxembourg.<\/span><\/h3>\n<p><span style=\"color: #ffffff;\">Afin de d\u00e9terminer le syst\u00e8me d&rsquo;installation adapt\u00e9 \u00e0 vos besoins, nous venons chez vous pour examiner ensemble les diff\u00e9rentes possibilit\u00e9s.<\/span><\/p>\n<\/div><div class=\"fusion-clearfix\"><\/div><\/div><\/div><div class=\"fusion-layout-column fusion_builder_column fusion-builder-column-27 fusion_builder_column_3_5 3_5 fusion-three-fifth fusion-column-last fusion-animated\" style=\"--awb-padding-top:15px;--awb-padding-right:15px;--awb-padding-bottom:15px;--awb-padding-left:15px;--awb-bg-color:#ffffff;--awb-bg-color-hover:#ffffff;--awb-bg-size:cover;width:60%;width:calc(60% - ( ( 50px ) * 0.6 ) );\" data-animationType=\"slideInRight\" data-animationDuration=\"0.5\" data-animationOffset=\"top-into-view\"><div class=\"fusion-column-wrapper fusion-column-has-shadow fusion-flex-column-wrapper-legacy\"><div class=\"fusion-title title fusion-title-2 fusion-sep-none fusion-title-text fusion-title-size-two\"><h2 class=\"fusion-title-heading title-heading-left fusion-responsive-typography-calculated\" style=\"margin:0;--fontSize:32;line-height:1.31;\">Devis gratuit et sans engagement!<\/h2><\/div><div class=\"wpforms-container wpforms-container-full\" id=\"wpforms-2743\"><form id=\"wpforms-form-2743\" class=\"wpforms-validate wpforms-form wpforms-ajax-form\" data-formid=\"2743\" method=\"post\" enctype=\"multipart\/form-data\" action=\"\/fr\/wp-json\/wp\/v2\/pages\/1798\" data-token=\"331b139320e5ff13671ae9e57a7a0669\" data-token-time=\"1777197378\"><noscript class=\"wpforms-error-noscript\">Veuillez activer JavaScript dans votre navigateur pour remplir ce formulaire.<\/noscript><div class=\"wpforms-field-container\"><div id=\"wpforms-2743-field_0-container\" class=\"wpforms-field wpforms-field-name\" data-field-id=\"0\"><label class=\"wpforms-field-label\" for=\"wpforms-2743-field_0\">Votre nom <span class=\"wpforms-required-label\">*<\/span><\/label><div class=\"wpforms-field-row wpforms-field-large\"><div class=\"wpforms-field-row-block wpforms-first wpforms-one-half\"><input type=\"text\" id=\"wpforms-2743-field_0\" class=\"wpforms-field-name-first wpforms-field-required\" name=\"wpforms[fields][0][first]\" placeholder=\"Pr\u00e9nom\" required><label for=\"wpforms-2743-field_0\" class=\"wpforms-field-sublabel after wpforms-sublabel-hide\">Pr\u00e9nom<\/label><\/div><div class=\"wpforms-field-row-block wpforms-one-half\"><input type=\"text\" id=\"wpforms-2743-field_0-last\" class=\"wpforms-field-name-last wpforms-field-required\" name=\"wpforms[fields][0][last]\" placeholder=\"Nom de famille\" required><label for=\"wpforms-2743-field_0-last\" class=\"wpforms-field-sublabel after wpforms-sublabel-hide\">Nom<\/label><\/div><\/div><\/div><div id=\"wpforms-2743-field_1-container\" class=\"wpforms-field wpforms-field-email wpforms-one-half wpforms-first\" data-field-id=\"1\"><label class=\"wpforms-field-label\" for=\"wpforms-2743-field_1\">Courriel <span class=\"wpforms-required-label\">*<\/span><\/label><input type=\"email\" id=\"wpforms-2743-field_1\" class=\"wpforms-field-large wpforms-field-required\" name=\"wpforms[fields][1]\" spellcheck=\"false\" required><\/div><div id=\"wpforms-2743-field_3-container\" class=\"wpforms-field wpforms-field-phone wpforms-one-half\" data-field-id=\"3\"><label class=\"wpforms-field-label\" for=\"wpforms-2743-field_3\">T\u00e9l\u00e9phone <span class=\"wpforms-required-label\">*<\/span><\/label><input type=\"tel\" id=\"wpforms-2743-field_3\" class=\"wpforms-field-large wpforms-field-required wpforms-smart-phone-field\" data-rule-smart-phone-field=\"true\" name=\"wpforms[fields][3]\" aria-label=\"T\u00e9l\u00e9phone\" required><\/div><div id=\"wpforms-2743-field_4-container\" class=\"wpforms-field wpforms-field-address\" data-field-id=\"4\"><label class=\"wpforms-field-label\" for=\"wpforms-2743-field_4\">Votre adresse<\/label><div class=\"wpforms-field-row wpforms-field-large\"><div ><input type=\"text\" id=\"wpforms-2743-field_4\" class=\"wpforms-field-address-address1\" name=\"wpforms[fields][4][address1]\" placeholder=\"rue et num\u00e9ro de maison\" ><label for=\"wpforms-2743-field_4\" class=\"wpforms-field-sublabel after wpforms-sublabel-hide\">Adresse ligne\u00a01<\/label><\/div><\/div><div class=\"wpforms-field-row wpforms-field-large\"><div ><input type=\"text\" id=\"wpforms-2743-field_4-address2\" class=\"wpforms-field-address-address2\" name=\"wpforms[fields][4][address2]\" placeholder=\"compl\u00e9ment d&#039;adresse\" ><label for=\"wpforms-2743-field_4-address2\" class=\"wpforms-field-sublabel after wpforms-sublabel-hide\">Adresse ligne 2<\/label><\/div><\/div><div class=\"wpforms-field-row wpforms-field-large\"><div class=\"wpforms-field-row-block wpforms-one-half wpforms-first\"><input type=\"text\" id=\"wpforms-2743-field_4-city\" class=\"wpforms-field-address-city\" name=\"wpforms[fields][4][city]\" placeholder=\"Ville\" ><label for=\"wpforms-2743-field_4-city\" class=\"wpforms-field-sublabel after wpforms-sublabel-hide\">Ville<\/label><\/div><div class=\"wpforms-field-row-block wpforms-one-half\"><input type=\"text\" id=\"wpforms-2743-field_4-state\" class=\"wpforms-field-address-state\" name=\"wpforms[fields][4][state]\" placeholder=\"Code postal\" ><label for=\"wpforms-2743-field_4-state\" class=\"wpforms-field-sublabel after wpforms-sublabel-hide\">\u00c9tat \/ Province \/ R\u00e9gion<\/label><\/div><\/div><\/div><div id=\"wpforms-2743-field_6-container\" class=\"wpforms-field wpforms-field-select wpforms-field-select-style-classic\" data-field-id=\"6\"><label class=\"wpforms-field-label wpforms-label-hide\" for=\"wpforms-2743-field_6\">Dropdown<\/label><select id=\"wpforms-2743-field_6\" class=\"wpforms-field-large\" name=\"wpforms[fields][6]\"><option value=\"Luxembourg\"  class=\"choice-1 depth-1\"  >Luxembourg<\/option><option value=\"Allemagne\"  class=\"choice-2 depth-1\"  >Allemagne<\/option><option value=\"France\"  class=\"choice-3 depth-1\"  >France<\/option><option value=\"Belgique\"  class=\"choice-4 depth-1\"  >Belgique<\/option><\/select><\/div><div id=\"wpforms-2743-field_2-container\" class=\"wpforms-field wpforms-field-textarea\" data-field-id=\"2\"><label class=\"wpforms-field-label\" for=\"wpforms-2743-field_2\">Comment pouvons-nous aider?<\/label><textarea id=\"wpforms-2743-field_2\" class=\"wpforms-field-medium wpforms-limit-words-enabled\" data-form-id=\"2743\" data-field-id=\"2\" data-text-limit=\"100\" name=\"wpforms[fields][2]\" ><\/textarea><\/div><\/div><!-- .wpforms-field-container --><div class=\"wpforms-submit-container\" ><input type=\"hidden\" name=\"wpforms[id]\" value=\"2743\"><input type=\"hidden\" name=\"page_title\" value=\"\"><input type=\"hidden\" name=\"page_url\" value=\"https:\/\/topsolar.lu\/fr\/wp-json\/wp\/v2\/pages\/1798\"><input type=\"hidden\" name=\"url_referer\" value=\"\"><button type=\"submit\" name=\"wpforms[submit]\" id=\"wpforms-submit-2743\" class=\"wpforms-submit\" data-alt-text=\"Envoi en cours...\" data-submit-text=\"Envoyer\" aria-live=\"assertive\" value=\"wpforms-submit\">Envoyer<\/button><img decoding=\"async\" src=\"https:\/\/topsolar.lu\/wp-content\/plugins\/wpforms\/assets\/images\/submit-spin.svg\" class=\"wpforms-submit-spinner\" style=\"display: none;\" width=\"26\" height=\"26\" alt=\"Chargement en cours\"><\/div><\/form><\/div>  <!-- .wpforms-container -->\t<div class=\"fusion-clearfix\"><\/div><\/div><\/div><\/div><\/div><\/div><div class=\"fusion-fullwidth fullwidth-box fusion-builder-row-12 hundred-percent-fullwidth non-hundred-percent-height-scrolling fusion-equal-height-columns\" style=\"--awb-border-radius-top-left:0px;--awb-border-radius-top-right:0px;--awb-border-radius-bottom-right:0px;--awb-border-radius-bottom-left:0px;--awb-padding-top:80px;--awb-padding-right:4%;--awb-padding-bottom:70px;--awb-padding-left:4%;--awb-background-color:#fefbaf;--awb-flex-wrap:wrap;\" ><div class=\"fusion-builder-row fusion-row\"><div class=\"fusion-layout-column fusion_builder_column fusion-builder-column-28 fusion_builder_column_1_4 1_4 fusion-one-fourth fusion-column-first fusion-column-no-min-height\" style=\"--awb-padding-right:4%;--awb-bg-size:cover;width:25%;width:calc(25% - ( ( 4% + 4% + 4% ) * 0.25 ) );margin-right: 4%;\"><div class=\"fusion-column-wrapper fusion-flex-column-wrapper-legacy\"><div class=\"fusion-image-element fusion-image-align-center in-legacy-container\" style=\"text-align:center;--awb-caption-title-font-family:var(--h2_typography-font-family);--awb-caption-title-font-weight:var(--h2_typography-font-weight);--awb-caption-title-font-style:var(--h2_typography-font-style);--awb-caption-title-size:var(--h2_typography-font-size);--awb-caption-title-transform:var(--h2_typography-text-transform);--awb-caption-title-line-height:var(--h2_typography-line-height);--awb-caption-title-letter-spacing:var(--h2_typography-letter-spacing);\"><div class=\"imageframe-align-center\"><span class=\" fusion-imageframe imageframe-none imageframe-11 hover-type-none\"><img decoding=\"async\" width=\"179\" height=\"75\" alt=\"Logo der Firma Topsolar, Fachbetrieb f\u00fcr alternative Energien\" title=\"Topsolar Logo standard\" src=\"https:\/\/topsolar.lu\/wp-content\/uploads\/2017\/08\/logo-topsolar-1x.png\" class=\"img-responsive wp-image-1668\" srcset=\"https:\/\/topsolar.lu\/wp-content\/uploads\/2017\/08\/logo-topsolar-1x-177x75.png 177w, https:\/\/topsolar.lu\/wp-content\/uploads\/2017\/08\/logo-topsolar-1x.png 179w\" sizes=\"(max-width: 179px) 100vw, 179px\" \/><\/span><\/div><\/div><div class=\"fusion-clearfix\"><\/div><\/div><\/div><div class=\"fusion-layout-column fusion_builder_column fusion-builder-column-29 fusion_builder_column_1_4 1_4 fusion-one-fourth fusion-column-no-min-height\" style=\"--awb-bg-size:cover;width:25%;width:calc(25% - ( ( 4% + 4% + 4% ) * 0.25 ) );margin-right: 4%;\"><div class=\"fusion-column-wrapper fusion-flex-column-wrapper-legacy\"><ul style=\"--awb-size:18px;--awb-iconcolor:#467db9;--awb-line-height:30.6px;--awb-icon-width:30.6px;--awb-icon-height:30.6px;--awb-icon-margin:12.6px;--awb-content-margin:43.2px;\" class=\"fusion-checklist fusion-checklist-1 fusion-checklist-default type-icons\"><li class=\"fusion-li-item\" style=\"\"><span class=\"icon-wrapper circle-no\"><i class=\"fusion-li-icon fa fa-map-marker\" aria-hidden=\"true\"><\/i><\/span><div class=\"fusion-li-item-content\"><a href=\"https:\/\/www.google.com\/maps\/place\/Topsolar+SA\/@49.884235,5.9839903,17z\/data=!3m1!4b1!4m5!3m4!1s0x47c00035907d3883:0x6831ebf98498a6df!8m2!3d49.884235!4d5.986179\">Topsolar SA<br \/>\n2, am Clemensbongert<br \/>\nL-9158 Heiderscheid<br \/>\nLuxembourg <\/a><\/div><\/li><\/ul><div class=\"fusion-clearfix\"><\/div><\/div><\/div><div class=\"fusion-layout-column fusion_builder_column fusion-builder-column-30 fusion_builder_column_1_4 1_4 fusion-one-fourth fusion-column-no-min-height\" style=\"--awb-bg-size:cover;width:25%;width:calc(25% - ( ( 4% + 4% + 4% ) * 0.25 ) );margin-right: 4%;\"><div class=\"fusion-column-wrapper fusion-flex-column-wrapper-legacy\"><ul style=\"--awb-size:18px;--awb-iconcolor:#467db9;--awb-line-height:30.6px;--awb-icon-width:30.6px;--awb-icon-height:30.6px;--awb-icon-margin:12.6px;--awb-content-margin:43.2px;\" class=\"fusion-checklist fusion-checklist-2 fusion-checklist-default type-icons\"><li class=\"fusion-li-item\" style=\"\"><span class=\"icon-wrapper circle-no\"><i class=\"fusion-li-icon fa fa-volume-control-phone\" aria-hidden=\"true\"><\/i><\/span><div class=\"fusion-li-item-content\">\n<p>Tel: <a href=\"tel:+352888241\">+352 88 82 41<\/a><br \/>\nFax: +352 88 92 14<\/p>\n<\/div><\/li><li class=\"fusion-li-item\" style=\"\"><span class=\"icon-wrapper circle-no\"><i class=\"fusion-li-icon fa-envelope fas\" aria-hidden=\"true\"><\/i><\/span><div class=\"fusion-li-item-content\">Courriel: <a href=\"mailto:info@topsolar.lu\">info@topsolar.lu<\/a><\/div><\/li><\/ul><div class=\"fusion-clearfix\"><\/div><\/div><\/div><div class=\"fusion-layout-column fusion_builder_column fusion-builder-column-31 fusion_builder_column_1_4 1_4 fusion-one-fourth fusion-column-last fusion-column-no-min-height\" style=\"--awb-bg-size:cover;width:25%;width:calc(25% - ( ( 4% + 4% + 4% ) * 0.25 ) );\"><div class=\"fusion-column-wrapper fusion-flex-column-wrapper-legacy\"><ul style=\"--awb-size:18px;--awb-iconcolor:#467db9;--awb-line-height:30.6px;--awb-icon-width:30.6px;--awb-icon-height:30.6px;--awb-icon-margin:12.6px;--awb-content-margin:43.2px;\" class=\"fusion-checklist fusion-checklist-3 fusion-checklist-default type-icons\"><li class=\"fusion-li-item\" style=\"\"><span class=\"icon-wrapper circle-no\"><i class=\"fusion-li-icon fa fa-clock-o\" aria-hidden=\"true\"><\/i><\/span><div class=\"fusion-li-item-content\">\n<p>Lundi \u2013 Vendredi: 9:00 \u2013 12:00<br \/>\n+ <a href=\"https:\/\/topsolar.lu\/fr\/contact-et-mentions-legales\/#termin\">RDV sur demande<\/a><\/p>\n<\/div><\/li><\/ul><div class=\"fusion-clearfix\"><\/div><\/div><\/div><\/div><\/div><div class=\"fusion-fullwidth fullwidth-box fusion-builder-row-13 hundred-percent-fullwidth non-hundred-percent-height-scrolling\" style=\"--awb-border-radius-top-left:0px;--awb-border-radius-top-right:0px;--awb-border-radius-bottom-right:0px;--awb-border-radius-bottom-left:0px;--awb-padding-top:10px;--awb-padding-right:4%;--awb-padding-bottom:10px;--awb-padding-left:4%;--awb-background-color:#ffbf00;--awb-flex-wrap:wrap;\" ><div class=\"fusion-builder-row fusion-row\"><div class=\"fusion-layout-column fusion_builder_column fusion-builder-column-32 fusion_builder_column_1_1 1_1 fusion-one-full fusion-column-first fusion-column-last footer_custom\" style=\"--awb-bg-color:#ffbf00;--awb-bg-color-hover:#ffbf00;--awb-bg-size:cover;\"><div class=\"fusion-column-wrapper fusion-flex-column-wrapper-legacy\">\u00a9 1995<script>new Date().getFullYear()>1995&&document.write(\"-\"+new Date().getFullYear());<\/script> Tous droits r\u00e9serv\u00e9s par <a class=\"footer_custom2\" href=\"\/\">Topsolar SA<\/a> | <a class=\"footer_custom2\" href=\"https:\/\/webseo.lu\">Cr\u00e9ation site internet par WebSEO<\/a> au Luxemburg<div class=\"fusion-clearfix\"><\/div><\/div><\/div><\/div><\/div><\/p>\n","protected":false},"excerpt":{"rendered":"","protected":false},"author":3,"featured_media":0,"parent":0,"menu_order":0,"comment_status":"closed","ping_status":"closed","template":"100-width.php","meta":{"footnotes":""},"class_list":["post-1798","page","type-page","status-publish","hentry"],"yoast_head":"<!-- This site is optimized with the Yoast SEO plugin v26.5 - https:\/\/yoast.com\/wordpress\/plugins\/seo\/ -->\n<title>Topsolar: le sp\u00e9cialiste des \u00e9nergies renouvelables au Luxembourg<\/title>\n<meta name=\"description\" content=\"Topsolar au Luxembourg est depuis plus de 20 ans un sp\u00e9cialiste comp\u00e9tent dans les \u00e9nergies alternatives, qu&#039;il s&#039;agisse de photovolta\u00efque, d&#039;\u00e9nergie solaire thermique ou d&#039;eau de pluie.\" \/>\n<meta name=\"robots\" content=\"index, follow, max-snippet:-1, max-image-preview:large, max-video-preview:-1\" \/>\n<link rel=\"canonical\" href=\"https:\/\/topsolar.lu\/fr\/\" \/>\n<meta property=\"og:locale\" content=\"fr_FR\" \/>\n<meta property=\"og:type\" content=\"article\" \/>\n<meta property=\"og:title\" content=\"Topsolar: le sp\u00e9cialiste des \u00e9nergies renouvelables au Luxembourg\" \/>\n<meta property=\"og:description\" content=\"Topsolar au Luxembourg est depuis plus de 20 ans un sp\u00e9cialiste comp\u00e9tent dans les \u00e9nergies alternatives, qu&#039;il s&#039;agisse de photovolta\u00efque, d&#039;\u00e9nergie solaire thermique ou d&#039;eau de pluie.\" \/>\n<meta property=\"og:url\" content=\"https:\/\/topsolar.lu\/fr\/\" \/>\n<meta property=\"og:site_name\" content=\"Topsolar\" \/>\n<meta property=\"article:modified_time\" content=\"2022-10-12T05:48:32+00:00\" \/>\n<meta name=\"twitter:card\" content=\"summary_large_image\" \/>\n<meta name=\"twitter:label1\" content=\"Dur\u00e9e de lecture estim\u00e9e\" \/>\n\t<meta name=\"twitter:data1\" content=\"20 minutes\" \/>\n<script type=\"application\/ld+json\" class=\"yoast-schema-graph\">{\"@context\":\"https:\/\/schema.org\",\"@graph\":[{\"@type\":\"WebPage\",\"@id\":\"https:\/\/topsolar.lu\/fr\/\",\"url\":\"https:\/\/topsolar.lu\/fr\/\",\"name\":\"Topsolar: le sp\u00e9cialiste des \u00e9nergies renouvelables au Luxembourg\",\"isPartOf\":{\"@id\":\"https:\/\/topsolar.lu\/fr\/#website\"},\"datePublished\":\"2015-12-04T01:08:06+00:00\",\"dateModified\":\"2022-10-12T05:48:32+00:00\",\"description\":\"Topsolar au Luxembourg est depuis plus de 20 ans un sp\u00e9cialiste comp\u00e9tent dans les \u00e9nergies alternatives, qu'il s'agisse de photovolta\u00efque, d'\u00e9nergie solaire thermique ou d'eau de pluie.\",\"breadcrumb\":{\"@id\":\"https:\/\/topsolar.lu\/fr\/#breadcrumb\"},\"inLanguage\":\"fr-FR\",\"potentialAction\":[{\"@type\":\"ReadAction\",\"target\":[\"https:\/\/topsolar.lu\/fr\/\"]}]},{\"@type\":\"BreadcrumbList\",\"@id\":\"https:\/\/topsolar.lu\/fr\/#breadcrumb\",\"itemListElement\":[{\"@type\":\"ListItem\",\"position\":1,\"name\":\"Startseite\",\"item\":\"https:\/\/topsolar.lu\/fr\/\"},{\"@type\":\"ListItem\",\"position\":2,\"name\":\"Home\"}]},{\"@type\":\"WebSite\",\"@id\":\"https:\/\/topsolar.lu\/fr\/#website\",\"url\":\"https:\/\/topsolar.lu\/fr\/\",\"name\":\"Topsolar\",\"description\":\"Luxemburger Fachbetrieb f\u00fcr regenerative Energien\",\"potentialAction\":[{\"@type\":\"SearchAction\",\"target\":{\"@type\":\"EntryPoint\",\"urlTemplate\":\"https:\/\/topsolar.lu\/fr\/?s={search_term_string}\"},\"query-input\":{\"@type\":\"PropertyValueSpecification\",\"valueRequired\":true,\"valueName\":\"search_term_string\"}}],\"inLanguage\":\"fr-FR\"}]}<\/script>\n<!-- \/ Yoast SEO plugin. -->","yoast_head_json":{"title":"Topsolar: le sp\u00e9cialiste des \u00e9nergies renouvelables au Luxembourg","description":"Topsolar au Luxembourg est depuis plus de 20 ans un sp\u00e9cialiste comp\u00e9tent dans les \u00e9nergies alternatives, qu'il s'agisse de photovolta\u00efque, d'\u00e9nergie solaire thermique ou d'eau de pluie.","robots":{"index":"index","follow":"follow","max-snippet":"max-snippet:-1","max-image-preview":"max-image-preview:large","max-video-preview":"max-video-preview:-1"},"canonical":"https:\/\/topsolar.lu\/fr\/","og_locale":"fr_FR","og_type":"article","og_title":"Topsolar: le sp\u00e9cialiste des \u00e9nergies renouvelables au Luxembourg","og_description":"Topsolar au Luxembourg est depuis plus de 20 ans un sp\u00e9cialiste comp\u00e9tent dans les \u00e9nergies alternatives, qu'il s'agisse de photovolta\u00efque, d'\u00e9nergie solaire thermique ou d'eau de pluie.","og_url":"https:\/\/topsolar.lu\/fr\/","og_site_name":"Topsolar","article_modified_time":"2022-10-12T05:48:32+00:00","twitter_card":"summary_large_image","twitter_misc":{"Dur\u00e9e de lecture estim\u00e9e":"20 minutes"},"schema":{"@context":"https:\/\/schema.org","@graph":[{"@type":"WebPage","@id":"https:\/\/topsolar.lu\/fr\/","url":"https:\/\/topsolar.lu\/fr\/","name":"Topsolar: le sp\u00e9cialiste des \u00e9nergies renouvelables au Luxembourg","isPartOf":{"@id":"https:\/\/topsolar.lu\/fr\/#website"},"datePublished":"2015-12-04T01:08:06+00:00","dateModified":"2022-10-12T05:48:32+00:00","description":"Topsolar au Luxembourg est depuis plus de 20 ans un sp\u00e9cialiste comp\u00e9tent dans les \u00e9nergies alternatives, qu'il s'agisse de photovolta\u00efque, d'\u00e9nergie solaire thermique ou d'eau de pluie.","breadcrumb":{"@id":"https:\/\/topsolar.lu\/fr\/#breadcrumb"},"inLanguage":"fr-FR","potentialAction":[{"@type":"ReadAction","target":["https:\/\/topsolar.lu\/fr\/"]}]},{"@type":"BreadcrumbList","@id":"https:\/\/topsolar.lu\/fr\/#breadcrumb","itemListElement":[{"@type":"ListItem","position":1,"name":"Startseite","item":"https:\/\/topsolar.lu\/fr\/"},{"@type":"ListItem","position":2,"name":"Home"}]},{"@type":"WebSite","@id":"https:\/\/topsolar.lu\/fr\/#website","url":"https:\/\/topsolar.lu\/fr\/","name":"Topsolar","description":"Luxemburger Fachbetrieb f\u00fcr regenerative Energien","potentialAction":[{"@type":"SearchAction","target":{"@type":"EntryPoint","urlTemplate":"https:\/\/topsolar.lu\/fr\/?s={search_term_string}"},"query-input":{"@type":"PropertyValueSpecification","valueRequired":true,"valueName":"search_term_string"}}],"inLanguage":"fr-FR"}]}},"_links":{"self":[{"href":"https:\/\/topsolar.lu\/fr\/wp-json\/wp\/v2\/pages\/1798","targetHints":{"allow":["GET"]}}],"collection":[{"href":"https:\/\/topsolar.lu\/fr\/wp-json\/wp\/v2\/pages"}],"about":[{"href":"https:\/\/topsolar.lu\/fr\/wp-json\/wp\/v2\/types\/page"}],"author":[{"embeddable":true,"href":"https:\/\/topsolar.lu\/fr\/wp-json\/wp\/v2\/users\/3"}],"replies":[{"embeddable":true,"href":"https:\/\/topsolar.lu\/fr\/wp-json\/wp\/v2\/comments?post=1798"}],"version-history":[{"count":0,"href":"https:\/\/topsolar.lu\/fr\/wp-json\/wp\/v2\/pages\/1798\/revisions"}],"wp:attachment":[{"href":"https:\/\/topsolar.lu\/fr\/wp-json\/wp\/v2\/media?parent=1798"}],"curies":[{"name":"wp","href":"https:\/\/api.w.org\/{rel}","templated":true}]}}